{"id":33859,"date":"2026-09-03T00:00:00","date_gmt":"2026-09-02T22:00:00","guid":{"rendered":"https:\/\/thegreenmountain.ch\/?post_type=rezepte&#038;p=33859"},"modified":"2026-08-27T12:21:15","modified_gmt":"2026-08-27T10:21:15","slug":"fine-cu-tacos-au-chou-fleur-roti","status":"publish","type":"rezepte","link":"https:\/\/thegreenmountain.ch\/fr\/recettes\/fine-cu-tacos-au-chou-fleur-roti\/","title":{"rendered":"FINE CUT Tacos"},"content":{"rendered":"        <section class=\"wp-block-tgm-blocks-header\">\n            <div class=\"hero-header-block\">\n                <div class=\"hero-inner\">\n                                            <picture class=\"hero-inner-image\">\n                                                            <source media=\"(max-width: 767px)\" srcset=\"https:\/\/thegreenmountain.ch\/wp-content\/uploads\/2026\/09\/mobile-Tacos.jpg\">\n                                                                                        <source media=\"(min-width: 768px) and (max-width: 1023px)\" srcset=\"https:\/\/thegreenmountain.ch\/wp-content\/uploads\/2026\/09\/tablet_tacos-scaled.jpg\">\n                                                        <source media=\"(min-width: 1024px)\" srcset=\"https:\/\/thegreenmountain.ch\/wp-content\/uploads\/2026\/09\/tacos-scaled.jpg\">\n                            <img loading=\"lazy\" decoding=\"async\" src=\"https:\/\/thegreenmountain.ch\/wp-content\/uploads\/2026\/09\/tacos-scaled.jpg\" alt=\"The Green Mountain FINE CUT Tacos mit ger\u00f6stetem Blumenkohl\" height=\"1920\" width=\"1080\">\n                        <\/picture>\n                                                        <\/div>\n                <div class=\"header-content text-white header-content-bottom\">\n                    <div class=\"bg-pattern-top bg-light text-primary\">\n                        <div class=\"header-content-inner\">\n                            <div>\n                                                                                                            <h1>The Green Mountain FINE CUT Tacos au chou-fleur r\u00f4ti<\/h1>\n                                                                                                                                <\/div>\n                        <\/div>\n                    <\/div>\n                <\/div>\n            <\/div>\n            <div class=\"loading_header\">\n                <div class=\"spinner\"><\/div>\n            <\/div>\n        <\/section>\n        \n\n\n<div class=\"wp-block-tgm-blocks-rezepte\">\n<section class=\"wp-block-gutensmith-element section--layout layout--two-col bg-body tgm-introduction-text\">\n<div class=\"wp-block-gutensmith-element container\">\n<div class=\"wp-block-gutensmith-element row d-flex justify-content-center\">\n<div class=\"wp-block-gutensmith-element col col-lg-10 text-center\">\n<h2 class=\"wp-block-heading\">Des tacos savoureux rencontrent le chou-fleur r\u00f4ti:<\/h2>\n\n\n\n<p class=\"wp-block-paragraph\">Dans ces tacos, le THE GREEN MOUNTAIN FINE CUT s\u2019associe \u00e0 un chou-fleur d\u00e9licieusement r\u00f4ti. Des ingr\u00e9dients croquants, de d\u00e9licates notes grill\u00e9es et des garnitures savoureuses composent une combinaison simple et gourmande.<\/p>\n<\/div>\n<\/div>\n<\/div>\n<\/section>\n\n\n        <section class=\"section--layout section--rezepte-overview\">\n            <div class=\"container\">\n                <div class=\"row\">\n                    <div class=\"col-12\">\n                        <div class=\"d-flex flex-wrap justify-content-center gap-4\">\n                            <p class=\"mb-0 h3 py-1 px-2 bg-dark text-white rezepte-overview--item rezepte-overview--portions\">4 Portions<\/p><p class=\"mb-0 h3 py-1 px-2 text-white rezepte-overview--item rezepte-overview--cooking-difficulty rezepte-overview--cooking-difficulty-mittel\">moyen<\/p>                        <\/div>\n                    <\/div>\n                <\/div>\n            <\/div>\n        <\/section>\n        \n\n\n<div class=\"rezepte-content\"id=\"rezept-content\">\n    \n            <!-- Single recipe layout -->\n                <div class=\"wp-block-group has-global-padding is-layout-constrained wp-block-group-is-layout-constrained\">\n            <!-- Ingredients Section -->\n            <div class=\"wp-block-group two-column-50-50 rezepte-list mb-3 is-layout-flow wp-block-group-is-layout-flow\">\n                                 <!-- Image Column -->\n                 <div class=\"wp-block-group column-50 rezepte-list-col rezepte-list-img-col is-layout-flow wp-block-group-is-layout-flow\">\n                                              <figure class=\"wp-block-image aligncenter size-full rezepte-list-img\">\n                             <img width=\"1070\" height=\"2000\" src=\"https:\/\/thegreenmountain.ch\/wp-content\/uploads\/2026\/08\/TGM-Fine-Cut-Marinated.png\" class=\"wp-image-33686\" alt=\"TGM Fine Cut Marinated\" loading=\"lazy\" decoding=\"async\" srcset=\"https:\/\/thegreenmountain.ch\/wp-content\/uploads\/2026\/08\/TGM-Fine-Cut-Marinated.png 1070w, https:\/\/thegreenmountain.ch\/wp-content\/uploads\/2026\/08\/TGM-Fine-Cut-Marinated-161x300.png 161w, https:\/\/thegreenmountain.ch\/wp-content\/uploads\/2026\/08\/TGM-Fine-Cut-Marinated-548x1024.png 548w, https:\/\/thegreenmountain.ch\/wp-content\/uploads\/2026\/08\/TGM-Fine-Cut-Marinated-768x1436.png 768w, https:\/\/thegreenmountain.ch\/wp-content\/uploads\/2026\/08\/TGM-Fine-Cut-Marinated-822x1536.png 822w\" sizes=\"auto, (max-width: 1070px) 100vw, 1070px\" \/>                         <\/figure>\n                                      <\/div>\n\n                <!-- Ingredients Column -->\n                <div class=\"wp-block-group column-50 rezepte-list-col rezepte-list-zutaten-col is-layout-flow wp-block-group-is-layout-flow\">\n                                         <h2 class=\"wp-block-heading\">Ingr\u00e9dients<\/h2>\n\n                                                                                                            <div class=\"wp-block-group rezepte-item is-layout-flow wp-block-group-is-layout-flow\">\n                                     <p class=\"has-text-align-left\">3 paquets<\/p>\n                                     <p class=\"has-text-align-left\">THE GREEN MOUNTAIN FINE CUTs<\/p>\n                                 <\/div>\n                                                                                                                    <div class=\"wp-block-group rezepte-item is-layout-flow wp-block-group-is-layout-flow\">\n                                     <p class=\"has-text-align-left\">2<\/p>\n                                     <p class=\"has-text-align-left\">oignons rouges de taille moyenne<\/p>\n                                 <\/div>\n                                                                                                                    <div class=\"wp-block-group rezepte-item is-layout-flow wp-block-group-is-layout-flow\">\n                                     <p class=\"has-text-align-left\">3 cs<\/p>\n                                     <p class=\"has-text-align-left\">de vinaigre<\/p>\n                                 <\/div>\n                                                                                                                    <div class=\"wp-block-group rezepte-item is-layout-flow wp-block-group-is-layout-flow\">\n                                     <p class=\"has-text-align-left\">1 cs<\/p>\n                                     <p class=\"has-text-align-left\">de sucre<\/p>\n                                 <\/div>\n                                                                                                                    <div class=\"wp-block-group rezepte-item is-layout-flow wp-block-group-is-layout-flow\">\n                                     <p class=\"has-text-align-left\">1<\/p>\n                                     <p class=\"has-text-align-left\">petit chou-fleur<\/p>\n                                 <\/div>\n                                                                                                                    <div class=\"wp-block-group rezepte-item is-layout-flow wp-block-group-is-layout-flow\">\n                                     <p class=\"has-text-align-left\">800 ml<\/p>\n                                     <p class=\"has-text-align-left\">d\u2019huile d\u2019olive<\/p>\n                                 <\/div>\n                                                                                                                    <div class=\"wp-block-group rezepte-item is-layout-flow wp-block-group-is-layout-flow\">\n                                     <p class=\"has-text-align-left\">\u00bd cc <\/p>\n                                     <p class=\"has-text-align-left\">de cumin moulu<\/p>\n                                 <\/div>\n                                                                                                                    <div class=\"wp-block-group rezepte-item is-layout-flow wp-block-group-is-layout-flow\">\n                                     <p class=\"has-text-align-left\">\u00bd cc <\/p>\n                                     <p class=\"has-text-align-left\">de paprika en poudre<\/p>\n                                 <\/div>\n                                                                                                                    <div class=\"wp-block-group rezepte-item is-layout-flow wp-block-group-is-layout-flow\">\n                                     <p class=\"has-text-align-left\">\u00bd cc <\/p>\n                                     <p class=\"has-text-align-left\">de piment en poudre<\/p>\n                                 <\/div>\n                                                                                                                    <div class=\"wp-block-group rezepte-item is-layout-flow wp-block-group-is-layout-flow\">\n                                     <p class=\"has-text-align-left\">2<\/p>\n                                     <p class=\"has-text-align-left\">avocats<\/p>\n                                 <\/div>\n                                                                                                                    <div class=\"wp-block-group rezepte-item is-layout-flow wp-block-group-is-layout-flow\">\n                                     <p class=\"has-text-align-left\"><\/p>\n                                     <p class=\"has-text-align-left\">Jus d\u2019un citron vert<\/p>\n                                 <\/div>\n                                                                                                                    <div class=\"wp-block-group rezepte-item is-layout-flow wp-block-group-is-layout-flow\">\n                                     <p class=\"has-text-align-left\">200 g<\/p>\n                                     <p class=\"has-text-align-left\">de tomates cerises<\/p>\n                                 <\/div>\n                                                                                                                    <div class=\"wp-block-group rezepte-item is-layout-flow wp-block-group-is-layout-flow\">\n                                     <p class=\"has-text-align-left\">2<\/p>\n                                     <p class=\"has-text-align-left\">piments jalape\u00f1os verts frais<\/p>\n                                 <\/div>\n                                                                                                                    <div class=\"wp-block-group rezepte-item is-layout-flow wp-block-group-is-layout-flow\">\n                                     <p class=\"has-text-align-left\">1<\/p>\n                                     <p class=\"has-text-align-left\">bouquet de coriandre<\/p>\n                                 <\/div>\n                                                                                                                    <div class=\"wp-block-group rezepte-item is-layout-flow wp-block-group-is-layout-flow\">\n                                     <p class=\"has-text-align-left\">8<\/p>\n                                     <p class=\"has-text-align-left\">petites tortillas<\/p>\n                                 <\/div>\n                                                                                                                    <div class=\"wp-block-group rezepte-item is-layout-flow wp-block-group-is-layout-flow\">\n                                     <p class=\"has-text-align-left\">4<\/p>\n                                     <p class=\"has-text-align-left\">quartiers de citron<\/p>\n                                 <\/div>\n                                                                                                                    <div class=\"wp-block-group rezepte-item is-layout-flow wp-block-group-is-layout-flow\">\n                                     <p class=\"has-text-align-left\"><\/p>\n                                     <p class=\"has-text-align-left\">sel<\/p>\n                                 <\/div>\n                                                                                                                    <div class=\"wp-block-group rezepte-item is-layout-flow wp-block-group-is-layout-flow\">\n                                     <p class=\"has-text-align-left\">10 g<\/p>\n                                     <p class=\"has-text-align-left\">poivre fra\u00eechement moulu<\/p>\n                                 <\/div>\n                                                                                                                    <div class=\"wp-block-group rezepte-item is-layout-flow wp-block-group-is-layout-flow\">\n                                     <p class=\"has-text-align-left\"><\/p>\n                                     <p class=\"has-text-align-left\">Basilic et pousses de petits pois pour la d\u00e9coration<\/p>\n                                 <\/div>\n                                                                                                                    <div class=\"wp-block-group rezepte-item is-layout-flow wp-block-group-is-layout-flow\">\n                                     <p class=\"has-text-align-left\"><\/p>\n                                     <p class=\"has-text-align-left\">Huile de friture<\/p>\n                                 <\/div>\n                                                                                           <\/div>\n            <\/div>\n        <\/div>\n\n                 <!-- Instructions Section -->\n                      <div class=\"wp-block-group has-global-padding is-layout-constrained wp-block-group-is-layout-constrained\">\n                 <div class=\"wp-block-group container rezepte-so-wird-gewacht mb-5 is-layout-flow wp-block-group-is-layout-flow\">\n                     <h2 class=\"wp-block-heading has-text-align-center\">C&#039;est comme \u00e7a qu&#039;il faut faire :<\/h2>\n                 <\/div>\n\n                 <div class=\"wp-block-group two-column-50-50 rezepte-so-wird-gewacht-list is-layout-flow wp-block-group-is-layout-flow\">\n                                          \n                     <!-- First Column -->\n                     <div class=\"wp-block-group column-50 rezepte-so-wird-gewacht-list-col is-layout-flow wp-block-group-is-layout-flow\">\n                                                                                       <div class=\"wp-block-group rezepte-so-wird-gewacht-item is-layout-flow wp-block-group-is-layout-flow\">\n                                     <p class=\"has-text-align-left rezepte-so-wird-gewacht-item-number\"><strong>1.<\/strong><\/p>\n                                     <p class=\"has-text-align-left rezepte-so-wird-gewacht-item-text\">Pr\u00e9chauffer le four \u00e0 200 \u00b0C (chaleur sole-vo\u00fbte).<\/p>\n                                 <\/div>\n                                                                                                                    <div class=\"wp-block-group rezepte-so-wird-gewacht-item is-layout-flow wp-block-group-is-layout-flow\">\n                                     <p class=\"has-text-align-left rezepte-so-wird-gewacht-item-number\"><strong>2.<\/strong><\/p>\n                                     <p class=\"has-text-align-left rezepte-so-wird-gewacht-item-text\">\u00c9plucher les oignons, les couper en fines rondelles et les mettre dans un saladier.<\/p>\n                                 <\/div>\n                                                                                                                    <div class=\"wp-block-group rezepte-so-wird-gewacht-item is-layout-flow wp-block-group-is-layout-flow\">\n                                     <p class=\"has-text-align-left rezepte-so-wird-gewacht-item-number\"><strong>3.<\/strong><\/p>\n                                     <p class=\"has-text-align-left rezepte-so-wird-gewacht-item-text\">Porter \u00e0 \u00e9bullition le vinaigre avec 3 cs d\u2019eau et le sucre, puis verser ce m\u00e9lange sur les rondelles d\u2019oignons. Mettre le saladier de c\u00f4t\u00e9 et laisser reposer les rondelles d\u2019oignon.<\/p>\n                                 <\/div>\n                                                                                                                    <div class=\"wp-block-group rezepte-so-wird-gewacht-item is-layout-flow wp-block-group-is-layout-flow\">\n                                     <p class=\"has-text-align-left rezepte-so-wird-gewacht-item-number\"><strong>4.<\/strong><\/p>\n                                     <p class=\"has-text-align-left rezepte-so-wird-gewacht-item-text\">Retirer le trognon du chou-fleur et le d\u00e9couper en petits bouquets. Mettre les bouquets de chou-fleur dans un saladier. Bien m\u00e9langer l\u2019huile d\u2019olive avec les \u00e9pices et verser le tout sur les bouquets de chou-fleur. Bien m\u00e9langer le tout. Chemiser une plaque de cuisson de papier sulfuris\u00e9 et y disposer le chou-fleur marin\u00e9. Enfourner et laisser cuire env. 20 minutes.<\/p>\n                                 <\/div>\n                                                                                                                    <div class=\"wp-block-group rezepte-so-wird-gewacht-item is-layout-flow wp-block-group-is-layout-flow\">\n                                     <p class=\"has-text-align-left rezepte-so-wird-gewacht-item-number\"><strong>5.<\/strong><\/p>\n                                     <p class=\"has-text-align-left rezepte-so-wird-gewacht-item-text\">Pendant ce temps, \u00e9plucher l\u2019avocat et en retirer le noyau. Mettre la chair dans un saladier et l\u2019\u00e9craser tr\u00e8s finement \u00e0 l\u2019aide d\u2019une fourchette. Assaisonner avec le jus de citron vert et un peu de sel.<\/p>\n                                 <\/div>\n                                                                                                                    <div class=\"wp-block-group rezepte-so-wird-gewacht-item is-layout-flow wp-block-group-is-layout-flow\">\n                                     <p class=\"has-text-align-left rezepte-so-wird-gewacht-item-number\"><strong>6.<\/strong><\/p>\n                                     <p class=\"has-text-align-left rezepte-so-wird-gewacht-item-text\">Couper les tomates cerises en deux ou en quatre, selon leur taille.<\/p>\n                                 <\/div>\n                                                                           <\/div>\n\n                     <!-- Second Column -->\n                     <div class=\"wp-block-group column-50 rezepte-so-wird-gewacht-list-col is-layout-flow wp-block-group-is-layout-flow\">\n                                                                                       <div class=\"wp-block-group rezepte-so-wird-gewacht-item is-layout-flow wp-block-group-is-layout-flow\">\n                                     <p class=\"has-text-align-left rezepte-so-wird-gewacht-item-number\"><strong>7.<\/strong><\/p>\n                                     <p class=\"has-text-align-left\">Couper les piments jalape\u00f1os en fines rondelles. Attention aux p\u00e9pins: les retirer pour une pr\u00e9paration moins \u00e9pic\u00e9e.<\/p>\n                                 <\/div>\n                                                                                                                    <div class=\"wp-block-group rezepte-so-wird-gewacht-item is-layout-flow wp-block-group-is-layout-flow\">\n                                     <p class=\"has-text-align-left rezepte-so-wird-gewacht-item-number\"><strong>8.<\/strong><\/p>\n                                     <p class=\"has-text-align-left\">Retirer les feuilles de coriandre des tiges.<\/p>\n                                 <\/div>\n                                                                                                                    <div class=\"wp-block-group rezepte-so-wird-gewacht-item is-layout-flow wp-block-group-is-layout-flow\">\n                                     <p class=\"has-text-align-left rezepte-so-wird-gewacht-item-number\"><strong>9.<\/strong><\/p>\n                                     <p class=\"has-text-align-left\">Mettre les FINE CUTs dans une po\u00eale avec de l\u2019huile chaude et les faire revenir 8 minutes de chaque c\u00f4t\u00e9. Saler et poivrer selon les go\u00fbts, puis couper en fines tranches.<\/p>\n                                 <\/div>\n                                                                                                                    <div class=\"wp-block-group rezepte-so-wird-gewacht-item is-layout-flow wp-block-group-is-layout-flow\">\n                                     <p class=\"has-text-align-left rezepte-so-wird-gewacht-item-number\"><strong>10.<\/strong><\/p>\n                                     <p class=\"has-text-align-left\">Faire \u00e9galement revenir l\u00e9g\u00e8rement les tortillas des deux c\u00f4t\u00e9s dans la po\u00eale, puis les envelopper dans un torchon propre pour les garder au chaud.<\/p>\n                                 <\/div>\n                                                                                                                    <div class=\"wp-block-group rezepte-so-wird-gewacht-item is-layout-flow wp-block-group-is-layout-flow\">\n                                     <p class=\"has-text-align-left rezepte-so-wird-gewacht-item-number\"><strong>11.<\/strong><\/p>\n                                     <p class=\"has-text-align-left\">Ensuite, tartiner chaque tortilla d\u2019un peu de cr\u00e8me d\u2019avocat. R\u00e9partir le chou-fleur r\u00f4ti, les oignons marin\u00e9s, les tomates cerises, les piments jalape\u00f1os et un peu de coriandre sur les tortillas. Disposer les FINE CUTs coup\u00e9s sur le dessus, replier les tacos et les servir avec les quartiers de citron vert.<\/p>\n                                 <\/div>\n                                                                           <\/div>\n                 <\/div>\n             <\/div>\n             \n        \n<\/div>\n\n\n\n\n\n<div class=\"wp-block-group d-none has-global-padding is-layout-constrained wp-block-group-is-layout-constrained\">\n<div class=\"wp-block-group two-column-50-50 rezepte-list is-layout-flow wp-block-group-is-layout-flow\">\n<div class=\"wp-block-group column-50 rezepte-list-col rezepte-list-img-col is-layout-flow wp-block-group-is-layout-flow\">\n<figure class=\"wp-block-image aligncenter size-full rezepte-list-img\"><img loading=\"lazy\" decoding=\"async\" width=\"1060\" height=\"1260\" src=\"https:\/\/thegreenmountain.ch\/wp-content\/uploads\/2024\/07\/productimage_beef_chunks.png\" alt=\"THE GREEN MOUNTAIN Beef Chunks\" class=\"wp-image-22073\" srcset=\"https:\/\/thegreenmountain.ch\/wp-content\/uploads\/2024\/07\/productimage_beef_chunks.png 1060w, https:\/\/thegreenmountain.ch\/wp-content\/uploads\/2024\/07\/productimage_beef_chunks-252x300.png 252w, https:\/\/thegreenmountain.ch\/wp-content\/uploads\/2024\/07\/productimage_beef_chunks-861x1024.png 861w, https:\/\/thegreenmountain.ch\/wp-content\/uploads\/2024\/07\/productimage_beef_chunks-768x913.png 768w\" sizes=\"auto, (max-width: 1060px) 100vw, 1060px\" \/><\/figure>\n<\/div>\n\n\n\n<div class=\"wp-block-group column-50 rezepte-list-col rezepte-list-zutaten-col is-layout-flow wp-block-group-is-layout-flow\">\n<h2 class=\"wp-block-heading\">Zutaten <\/h2>\n\n\n\n<div class=\"wp-block-group rezepte-item is-layout-flow wp-block-group-is-layout-flow\">\n<p class=\"has-text-align-left wp-block-paragraph\">2 Pck.<\/p>\n\n\n\n<p class=\"has-text-align-left wp-block-paragraph\">THE GREEN MOUNTAIN-Beef Chunks<\/p>\n<\/div>\n\n\n\n<div class=\"wp-block-group rezepte-item is-layout-flow wp-block-group-is-layout-flow\">\n<p class=\"has-text-align-left wp-block-paragraph\">50 g<\/p>\n\n\n\n<p class=\"has-text-align-left wp-block-paragraph\">Pflanzen\u00f6l<\/p>\n<\/div>\n\n\n\n<div class=\"wp-block-group rezepte-item is-layout-flow wp-block-group-is-layout-flow\">\n<p class=\"has-text-align-left wp-block-paragraph\">100 g<\/p>\n\n\n\n<p class=\"has-text-align-left wp-block-paragraph\">Selleriew\u00fcrfel<\/p>\n<\/div>\n\n\n\n<div class=\"wp-block-group rezepte-item is-layout-flow wp-block-group-is-layout-flow\">\n<p class=\"has-text-align-left wp-block-paragraph\">100 g<\/p>\n\n\n\n<p class=\"has-text-align-left wp-block-paragraph\">Karottenw\u00fcrfel<\/p>\n<\/div>\n\n\n\n<div class=\"wp-block-group rezepte-item is-layout-flow wp-block-group-is-layout-flow\">\n<p class=\"has-text-align-left wp-block-paragraph\">50 g<\/p>\n\n\n\n<p class=\"has-text-align-left wp-block-paragraph\">Stangensellerie<\/p>\n<\/div>\n\n\n\n<div class=\"wp-block-group rezepte-item is-layout-flow wp-block-group-is-layout-flow\">\n<p class=\"has-text-align-left wp-block-paragraph\">50 g<\/p>\n\n\n\n<p class=\"has-text-align-left wp-block-paragraph\">Champignons, geviertelt<\/p>\n<\/div>\n\n\n\n<div class=\"wp-block-group rezepte-item is-layout-flow wp-block-group-is-layout-flow\">\n<p class=\"has-text-align-left wp-block-paragraph\">150 g<\/p>\n\n\n\n<p class=\"has-text-align-left wp-block-paragraph\">Zwiebel, in Streifen<\/p>\n<\/div>\n\n\n\n<div class=\"wp-block-group rezepte-item is-layout-flow wp-block-group-is-layout-flow\">\n<p class=\"has-text-align-left wp-block-paragraph\">10 g<\/p>\n\n\n\n<p class=\"has-text-align-left wp-block-paragraph\">Knoblauch<\/p>\n<\/div>\n\n\n\n<div class=\"wp-block-group rezepte-item is-layout-flow wp-block-group-is-layout-flow\">\n<p class=\"has-text-align-left wp-block-paragraph\">40 g<\/p>\n\n\n\n<p class=\"has-text-align-left wp-block-paragraph\">Tomatenmark<\/p>\n<\/div>\n\n\n\n<div class=\"wp-block-group rezepte-item is-layout-flow wp-block-group-is-layout-flow\">\n<p class=\"has-text-align-left wp-block-paragraph\">50 ml<\/p>\n\n\n\n<p class=\"has-text-align-left wp-block-paragraph\">Portwein<\/p>\n<\/div>\n\n\n\n<div class=\"wp-block-group rezepte-item is-layout-flow wp-block-group-is-layout-flow\">\n<p class=\"has-text-align-left wp-block-paragraph\">50 ml<\/p>\n\n\n\n<p class=\"has-text-align-left wp-block-paragraph\">Rotwein<\/p>\n<\/div>\n\n\n\n<div class=\"wp-block-group rezepte-item is-layout-flow wp-block-group-is-layout-flow\">\n<p class=\"has-text-align-left wp-block-paragraph\">1 l<\/p>\n\n\n\n<p class=\"has-text-align-left wp-block-paragraph\">vegane Bratensosse <br><\/p>\n<\/div>\n<\/div>\n<\/div>\n\n\n\n<section class=\"wp-block-group section--layout has-global-padding is-layout-constrained wp-block-group-is-layout-constrained\">\n<div class=\"wp-block-group container rezepte-so-wird-gewacht mb-5 is-layout-flow wp-block-group-is-layout-flow\">\n<h2 class=\"wp-block-heading has-text-align-center\">So wird&rsquo;s gemacht:<\/h2>\n<\/div>\n\n\n\n<div class=\"wp-block-group two-column-50-50 rezepte-so-wird-gewacht-list is-layout-flow wp-block-group-is-layout-flow\">\n<div class=\"wp-block-group column-50 rezepte-so-wird-gewacht-list-col is-layout-flow wp-block-group-is-layout-flow\">\n<div class=\"wp-block-group rezepte-so-wird-gewacht-item is-layout-flow wp-block-group-is-layout-flow\">\n<p class=\"has-text-align-left rezepte-so-wird-gewacht-item-number wp-block-paragraph\"><strong>1.<\/strong><\/p>\n\n\n\n<p class=\"has-text-align-left rezepte-so-wird-gewacht-item-text wp-block-paragraph\">Die Beef Chunks in Pflanzen\u00f6l scharf anbraten.<\/p>\n<\/div>\n\n\n\n<div class=\"wp-block-group rezepte-so-wird-gewacht-item is-layout-flow wp-block-group-is-layout-flow\">\n<p class=\"has-text-align-left rezepte-so-wird-gewacht-item-number wp-block-paragraph\"><strong>2.<\/strong><\/p>\n\n\n\n<p class=\"has-text-align-left rezepte-so-wird-gewacht-item-text wp-block-paragraph\">Gem\u00fcse hinzugeben und weiterbraten bis leichte R\u00f6staromen entstehen. Tomatenmark zugeben, leicht r\u00f6sten, mit Rotwein und Portwein abl\u00f6schen.<\/p>\n<\/div>\n\n\n\n<div class=\"wp-block-group rezepte-so-wird-gewacht-item is-layout-flow wp-block-group-is-layout-flow\">\n<p class=\"has-text-align-left rezepte-so-wird-gewacht-item-number wp-block-paragraph\"><strong>3.<\/strong><\/p>\n\n\n\n<p class=\"has-text-align-left rezepte-so-wird-gewacht-item-text wp-block-paragraph\">Wenn der Wein reduziert ist, die vegane Bratensosse zugeben. Mit Senf, Miso, Salz, Pfeffer, Lorbeer und etwas Estragon w\u00fcrzen.<\/p>\n<\/div>\n<\/div>\n\n\n\n<div class=\"wp-block-group column-50 rezepte-so-wird-gewacht-list-col is-layout-flow wp-block-group-is-layout-flow\">\n<div class=\"wp-block-group rezepte-so-wird-gewacht-item is-layout-flow wp-block-group-is-layout-flow\">\n<p class=\"has-text-align-left rezepte-so-wird-gewacht-item-number wp-block-paragraph\"><strong>4.<\/strong><\/p>\n\n\n\n<p class=\"has-text-align-left wp-block-paragraph\">1 Stunde bei niedriger Temperatur leicht k\u00f6cheln lassen \u2013 wenn n\u00f6tig mit etwas St\u00e4rke binden.<\/p>\n<\/div>\n\n\n\n<div class=\"wp-block-group rezepte-so-wird-gewacht-item is-layout-flow wp-block-group-is-layout-flow\">\n<p class=\"has-text-align-left rezepte-so-wird-gewacht-item-number wp-block-paragraph\"><strong>5.<\/strong><\/p>\n\n\n\n<p class=\"has-text-align-left wp-block-paragraph\">Kartoffeln sch\u00e4len und in d\u00fcnne Scheiben schneiden. Die Scheiben in einer Sch\u00fcssel mit Oliven\u00f6l, Paprika Pulver, Salz und Pfeffer marinieren und anschliessend auf einem Backblech mit Backpapier verteilen. Die Kartoffeln bei 200 Grad f\u00fcr ca. 40 Minuten bei Ober- und Unterhitze backen.<\/p>\n<\/div>\n<\/div>\n<\/div>\n<\/section>\n\n\n\n<section class=\"wp-block-gutensmith-element section--layout layout--two-col bg-body tgm-introduction-text\">\n<div class=\"wp-block-gutensmith-element container\">\n<div class=\"wp-block-gutensmith-element row d-flex justify-content-center\">\n<div class=\"wp-block-gutensmith-element col col-lg-10 text-center\">\n<h2 class=\"wp-block-heading\">UNSER TIPP<\/h2>\n\n\n\n<p class=\"wp-block-paragraph\">Hier sind der Kreativit\u00e4t keine Grenzen gesetzt. F\u00fcr eine <br>festlichen Touch kann das Gericht mit schwarzem Tr\u00fcffel verfeinert werden.<\/p>\n\n\n\n<p class=\"wp-block-paragraph\">Wer es gerne weihnachtlich m\u00f6chte, kann Rosinen und einen <br>Hauch Zimt mit schmoren.<\/p>\n<\/div>\n<\/div>\n<\/div>\n<\/section>\n\n\n\n<div class=\"wp-block-group container rezepte-so-wird-gewacht mb-5 is-layout-flow wp-block-group-is-layout-flow\">\n<h2 class=\"wp-block-heading\">Vegane Bratensosse:<\/h2>\n<\/div>\n\n\n\n<div class=\"wp-block-group two-column-50-50 rezepte-list pt-5 is-layout-flow wp-block-group-is-layout-flow\">\n<div class=\"wp-block-group column-50 rezepte-list-col rezepte-list-img-col is-layout-flow wp-block-group-is-layout-flow\">\n<figure class=\"wp-block-image aligncenter size-full rezepte-list-img\"><img loading=\"lazy\" decoding=\"async\" width=\"1060\" height=\"1260\" src=\"https:\/\/thegreenmountain.ch\/wp-content\/uploads\/2024\/07\/productimage_beef_chunks.png\" alt=\"THE GREEN MOUNTAIN Beef Chunks\" class=\"wp-image-22073\" srcset=\"https:\/\/thegreenmountain.ch\/wp-content\/uploads\/2024\/07\/productimage_beef_chunks.png 1060w, https:\/\/thegreenmountain.ch\/wp-content\/uploads\/2024\/07\/productimage_beef_chunks-252x300.png 252w, https:\/\/thegreenmountain.ch\/wp-content\/uploads\/2024\/07\/productimage_beef_chunks-861x1024.png 861w, https:\/\/thegreenmountain.ch\/wp-content\/uploads\/2024\/07\/productimage_beef_chunks-768x913.png 768w\" sizes=\"auto, (max-width: 1060px) 100vw, 1060px\" \/><\/figure>\n<\/div>\n\n\n\n<div class=\"wp-block-group column-50 rezepte-list-col rezepte-list-zutaten-col is-layout-flow wp-block-group-is-layout-flow\">\n<h2 class=\"wp-block-heading\">Zutaten <\/h2>\n\n\n\n<div class=\"wp-block-group rezepte-item is-layout-flow wp-block-group-is-layout-flow\">\n<p class=\"has-text-align-left wp-block-paragraph\">40 ml<\/p>\n\n\n\n<p class=\"has-text-align-left wp-block-paragraph\">Pflanzen\u00f6l&nbsp;zum Anbraten<\/p>\n<\/div>\n\n\n\n<div class=\"wp-block-group rezepte-item is-layout-flow wp-block-group-is-layout-flow\">\n<p class=\"has-text-align-left wp-block-paragraph\">200 g<\/p>\n\n\n\n<p class=\"has-text-align-left wp-block-paragraph\">Karotten, gew\u00fcrfelt<\/p>\n<\/div>\n\n\n\n<div class=\"wp-block-group rezepte-item is-layout-flow wp-block-group-is-layout-flow\">\n<p class=\"has-text-align-left wp-block-paragraph\">200 g<\/p>\n\n\n\n<p class=\"has-text-align-left wp-block-paragraph\">Sellerie, gew\u00fcrfelt<\/p>\n<\/div>\n\n\n\n<div class=\"wp-block-group rezepte-item is-layout-flow wp-block-group-is-layout-flow\">\n<p class=\"has-text-align-left wp-block-paragraph\">200 g<\/p>\n\n\n\n<p class=\"has-text-align-left wp-block-paragraph\">Zwiebeln, gew\u00fcrfelt<\/p>\n<\/div>\n\n\n\n<div class=\"wp-block-group rezepte-item is-layout-flow wp-block-group-is-layout-flow\">\n<p class=\"has-text-align-left wp-block-paragraph\">200 g<\/p>\n\n\n\n<p class=\"has-text-align-left wp-block-paragraph\">Champignons<\/p>\n<\/div>\n\n\n\n<div class=\"wp-block-group rezepte-item is-layout-flow wp-block-group-is-layout-flow\">\n<p class=\"has-text-align-left wp-block-paragraph\">200 g<\/p>\n\n\n\n<p class=\"has-text-align-left wp-block-paragraph\">Lauch<\/p>\n<\/div>\n\n\n\n<div class=\"wp-block-group rezepte-item is-layout-flow wp-block-group-is-layout-flow\">\n<p class=\"has-text-align-left wp-block-paragraph\">1 Zehe<\/p>\n\n\n\n<p class=\"has-text-align-left wp-block-paragraph\">Knoblauch<\/p>\n<\/div>\n\n\n\n<div class=\"wp-block-group rezepte-item is-layout-flow wp-block-group-is-layout-flow\">\n<p class=\"has-text-align-left wp-block-paragraph\">50 g<\/p>\n\n\n\n<p class=\"has-text-align-left wp-block-paragraph\">Tomatenmark<\/p>\n<\/div>\n\n\n\n<div class=\"wp-block-group rezepte-item is-layout-flow wp-block-group-is-layout-flow\">\n<p class=\"has-text-align-left wp-block-paragraph\">100 ml<\/p>\n\n\n\n<p class=\"has-text-align-left wp-block-paragraph\">Portwein, rot<\/p>\n<\/div>\n\n\n\n<div class=\"wp-block-group rezepte-item is-layout-flow wp-block-group-is-layout-flow\">\n<p class=\"has-text-align-left wp-block-paragraph\">200 ml<\/p>\n\n\n\n<p class=\"has-text-align-left wp-block-paragraph\">Rotwein<\/p>\n<\/div>\n\n\n\n<div class=\"wp-block-group rezepte-item is-layout-flow wp-block-group-is-layout-flow\">\n<p class=\"has-text-align-left wp-block-paragraph\">50 g<\/p>\n\n\n\n<p class=\"has-text-align-left wp-block-paragraph\">dunkle Miso-Paste<\/p>\n<\/div>\n\n\n\n<div class=\"wp-block-group rezepte-item is-layout-flow wp-block-group-is-layout-flow\">\n<p class=\"has-text-align-left wp-block-paragraph\"><\/p>\n\n\n\n<p class=\"has-text-align-left wp-block-paragraph\">Salz, Pfefferk\u00f6rner, brauner Zucker, Wacholder, Piment, Thymian, Rosmarin<\/p>\n<\/div>\n<\/div>\n<\/div>\n\n\n\n<section class=\"wp-block-group section--layout has-global-padding is-layout-constrained wp-block-group-is-layout-constrained\">\n<div class=\"wp-block-group container rezepte-so-wird-gewacht mb-5 is-layout-flow wp-block-group-is-layout-flow\">\n<h2 class=\"wp-block-heading has-text-align-center\">So wird&rsquo;s gemacht:<\/h2>\n<\/div>\n\n\n\n<div class=\"wp-block-group two-column-50-50 rezepte-so-wird-gewacht-list is-layout-flow wp-block-group-is-layout-flow\">\n<div class=\"wp-block-group column-50 rezepte-so-wird-gewacht-list-col is-layout-flow wp-block-group-is-layout-flow\">\n<div class=\"wp-block-group rezepte-so-wird-gewacht-item is-layout-flow wp-block-group-is-layout-flow\">\n<p class=\"has-text-align-left rezepte-so-wird-gewacht-item-number wp-block-paragraph\"><strong>1.<\/strong><\/p>\n\n\n\n<p class=\"has-text-align-left rezepte-so-wird-gewacht-item-text wp-block-paragraph\">Karotten und Sellerie bei hoher Hitze in Pflanzen\u00f6l braun anr\u00f6sten,<br>restliches Gem\u00fcse hinzugeben und mit anr\u00f6sten.<\/p>\n<\/div>\n\n\n\n<div class=\"wp-block-group rezepte-so-wird-gewacht-item is-layout-flow wp-block-group-is-layout-flow\">\n<p class=\"has-text-align-left rezepte-so-wird-gewacht-item-number wp-block-paragraph\"><strong>2.<\/strong><\/p>\n\n\n\n<p class=\"has-text-align-left rezepte-so-wird-gewacht-item-text wp-block-paragraph\">Wenn das Gem\u00fcse gleichm\u00e4ssig gebr\u00e4unt ist, kommt das Tomatenmark hinzu.<\/p>\n<\/div>\n\n\n\n<div class=\"wp-block-group rezepte-so-wird-gewacht-item is-layout-flow wp-block-group-is-layout-flow\">\n<p class=\"has-text-align-left rezepte-so-wird-gewacht-item-number wp-block-paragraph\"><strong>3.<\/strong><\/p>\n\n\n\n<p class=\"has-text-align-left rezepte-so-wird-gewacht-item-text wp-block-paragraph\">Sobald sich am Topfboden eine dunkle Kruste bildet, mit etwas Rotwein und Portwein abl\u00f6schen, damit sich die Kruste l\u00f6st.<\/p>\n<\/div>\n<\/div>\n\n\n\n<div class=\"wp-block-group column-50 rezepte-so-wird-gewacht-list-col is-layout-flow wp-block-group-is-layout-flow\">\n<div class=\"wp-block-group rezepte-so-wird-gewacht-item is-layout-flow wp-block-group-is-layout-flow\">\n<p class=\"has-text-align-left rezepte-so-wird-gewacht-item-number wp-block-paragraph\"><strong>4.<\/strong><\/p>\n\n\n\n<p class=\"has-text-align-left wp-block-paragraph\">Den Wein einkochen lassen und den Vorgang wiederholen bis eine sch\u00f6ne dunkle Basis entsteht.<\/p>\n<\/div>\n\n\n\n<div class=\"wp-block-group rezepte-so-wird-gewacht-item is-layout-flow wp-block-group-is-layout-flow\">\n<p class=\"has-text-align-left rezepte-so-wird-gewacht-item-number wp-block-paragraph\"><strong>5.<\/strong><\/p>\n\n\n\n<p class=\"has-text-align-left wp-block-paragraph\">Mit Gem\u00fcsefond, Sojasosse aufgiessen und die dunkle <br>Miso Paste dazugeben und <br>Gew\u00fcrze zugeben.<\/p>\n<\/div>\n\n\n\n<div class=\"wp-block-group rezepte-so-wird-gewacht-item is-layout-flow wp-block-group-is-layout-flow\">\n<p class=\"has-text-align-left rezepte-so-wird-gewacht-item-number wp-block-paragraph\"><strong>6.<\/strong><\/p>\n\n\n\n<p class=\"has-text-align-left wp-block-paragraph\">2 Stunden leise k\u00f6cheln lassen, passieren und auf die gew\u00fcnschte Intensit\u00e4t reduzieren.<\/p>\n<\/div>\n<\/div>\n<\/div>\n<\/section>\n<\/div>\n<\/div>\n\n\n\n<section class=\"wp-block-gutensmith-element section--layout layout--one-col bg-body\">\n<div class=\"wp-block-gutensmith-element container\">\n<div class=\"wp-block-gutensmith-element row justify-content-center\">\n<div class=\"wp-block-gutensmith-element col-12 col-md-8 text-center\">\n<h2 class=\"wp-block-heading has-text-align-center has-primary-color has-text-color has-link-color wp-elements-1\">Plus de recettes<\/h2>\n\n\n\n<p class=\"has-black-color has-text-color has-link-color wp-elements-2 wp-block-paragraph\">Vous n&rsquo;avez jamais entendu parler de FINE CUTs ? Alors vous n&rsquo;avez peut-\u00eatre jamais entendu parler de ceci non plus:<\/p>\n<\/div>\n<\/div>\n\n\n\n<div class=\"wp-block-gutensmith-element row\">\n<div class=\"wp-block-gutensmith-element col-12  text-center\"><div class=\"post-type-slider swiper-rezepte slider-type-rezepte has-light-background\">\n                <div id=\"slider-344ea240-73d4-4d22-b979-20ebc6d41ad1\" class=\"swiper swiper-container py-5\">\n                    <div class=\"swiper-wrapper d-md-flex flex-nowrap swiper-mobile-only\"><div class=\"swiper-slide flex-md-fill swiper-slide-rezepte\">\n              <div class=\"text-start p-2\">\n                  <a href=\"https:\/\/thegreenmountain.ch\/fr\/recettes\/plant-cut-salade-de-lentilles\/\"><div class=\"item-thumbnail\"><img loading=\"lazy\" decoding=\"async\" width=\"1920\" height=\"988\" src=\"https:\/\/thegreenmountain.ch\/wp-content\/uploads\/2026\/02\/linsen-spinat_dekstop.jpg\" class=\"attachment-post-thumbnail size-post-thumbnail wp-post-image\" alt=\"Plant Cut mit Linsensalat und Randen\" srcset=\"https:\/\/thegreenmountain.ch\/wp-content\/uploads\/2026\/02\/linsen-spinat_dekstop.jpg 1920w, https:\/\/thegreenmountain.ch\/wp-content\/uploads\/2026\/02\/linsen-spinat_dekstop-300x154.jpg 300w, https:\/\/thegreenmountain.ch\/wp-content\/uploads\/2026\/02\/linsen-spinat_dekstop-1024x527.jpg 1024w, https:\/\/thegreenmountain.ch\/wp-content\/uploads\/2026\/02\/linsen-spinat_dekstop-768x395.jpg 768w, https:\/\/thegreenmountain.ch\/wp-content\/uploads\/2026\/02\/linsen-spinat_dekstop-1536x790.jpg 1536w\" sizes=\"auto, (max-width: 1920px) 100vw, 1920px\" \/><\/div><div class=\"m-2\"><div class=\"rezepte-meta mb-1 d-flex align-items-center gap-2\"><p class=\"rezepte-cookingdifficulty rezepte-cookingdifficulty-mittel mb-0\">moyen<\/p><\/div><h3>PLANT CUT avec salade de lentilles et d\u2019\u00e9pinards et betteraves grill\u00e9es<\/h3><\/div><\/a>\n              <\/div>\n              <\/div><div class=\"swiper-slide flex-md-fill swiper-slide-rezepte\">\n              <div class=\"text-start p-2\">\n                  <a href=\"https:\/\/thegreenmountain.ch\/fr\/recettes\/plant-cut-panzanella-davocat\/\"><div class=\"item-thumbnail\"><img loading=\"lazy\" decoding=\"async\" width=\"1920\" height=\"988\" src=\"https:\/\/thegreenmountain.ch\/wp-content\/uploads\/2026\/02\/panzanella_dekstop.jpg\" class=\"attachment-post-thumbnail size-post-thumbnail wp-post-image\" alt=\"Plant Cut mit Avocado-Grapefruit-Panzanella\" srcset=\"https:\/\/thegreenmountain.ch\/wp-content\/uploads\/2026\/02\/panzanella_dekstop.jpg 1920w, https:\/\/thegreenmountain.ch\/wp-content\/uploads\/2026\/02\/panzanella_dekstop-300x154.jpg 300w, https:\/\/thegreenmountain.ch\/wp-content\/uploads\/2026\/02\/panzanella_dekstop-1024x527.jpg 1024w, https:\/\/thegreenmountain.ch\/wp-content\/uploads\/2026\/02\/panzanella_dekstop-768x395.jpg 768w, https:\/\/thegreenmountain.ch\/wp-content\/uploads\/2026\/02\/panzanella_dekstop-1536x790.jpg 1536w\" sizes=\"auto, (max-width: 1920px) 100vw, 1920px\" \/><\/div><div class=\"m-2\"><div class=\"rezepte-meta mb-1 d-flex align-items-center gap-2\"><p class=\"rezepte-cookingdifficulty rezepte-cookingdifficulty-mittel mb-0\">moyen<\/p><\/div><h3>Plant Cut avec panzanella d\u2019avocat et de pamplemousse<\/h3><\/div><\/a>\n              <\/div>\n              <\/div><div class=\"swiper-slide flex-md-fill swiper-slide-rezepte\">\n              <div class=\"text-start p-2\">\n                  <a href=\"https:\/\/thegreenmountain.ch\/fr\/recettes\/plant-cut-puree-de-chou-fleur-et-de-pommes-de-terre\/\"><div class=\"item-thumbnail\"><img loading=\"lazy\" decoding=\"async\" width=\"1920\" height=\"988\" src=\"https:\/\/thegreenmountain.ch\/wp-content\/uploads\/2026\/02\/blumenkohl_dekstop.jpg\" class=\"attachment-post-thumbnail size-post-thumbnail wp-post-image\" alt=\"Plant Cut mit Blumenkohl-Kartoffel-Stock\" srcset=\"https:\/\/thegreenmountain.ch\/wp-content\/uploads\/2026\/02\/blumenkohl_dekstop.jpg 1920w, https:\/\/thegreenmountain.ch\/wp-content\/uploads\/2026\/02\/blumenkohl_dekstop-300x154.jpg 300w, https:\/\/thegreenmountain.ch\/wp-content\/uploads\/2026\/02\/blumenkohl_dekstop-1024x527.jpg 1024w, https:\/\/thegreenmountain.ch\/wp-content\/uploads\/2026\/02\/blumenkohl_dekstop-768x395.jpg 768w, https:\/\/thegreenmountain.ch\/wp-content\/uploads\/2026\/02\/blumenkohl_dekstop-1536x790.jpg 1536w\" sizes=\"auto, (max-width: 1920px) 100vw, 1920px\" \/><\/div><div class=\"m-2\"><div class=\"rezepte-meta mb-1 d-flex align-items-center gap-2\"><p class=\"rezepte-cookingdifficulty rezepte-cookingdifficulty-mittel mb-0\">moyen<\/p><\/div><h3>PLANT CUT avec pur\u00e9e de chou-fleur et de pommes de terre<\/h3><\/div><\/a>\n              <\/div>\n              <\/div><\/div><div class=\"swiper-pagination\"><\/div><\/div><\/div>\n\n\n<a class=\"btn btn-primary\" href=\"https:\/\/thegreenmountain.ch\/rezepte\/\">D\u00e9couvrez toutes les recettes<\/a>\n<\/div>\n<\/div>\n<\/div>\n<\/section>\n\n\n\n<section class=\"wp-block-gutensmith-element section--layout produkte-slider-section text-light wooden-background bg-dark\">\n<div class=\"wp-block-gutensmith-element\">\n<h2 class=\"wp-block-heading has-text-align-center text-white mb-0\">nos multiples<\/h2>\n<\/div>\n\n\n\n<div class=\"wp-block-gutensmith-element\"><\/div>\n\n\n\n<div class=\"wp-block-gutensmith-element text-center mt-3\">\n<a class=\"btn btn-secondary btn-lg text-success\" href=\"https:\/\/thegreenmountain.ch\/fr\/disponible-chez\/\">O\u00f9 peut-on trouver une telle chose ?<\/a>\n<\/div>\n<\/section>\n","protected":false},"excerpt":{"rendered":"","protected":false},"author":33,"featured_media":33808,"comment_status":"closed","ping_status":"closed","template":"","categories":[160,79],"tags":[186,140],"class_list":["post-33859","rezepte","type-rezepte","status-publish","has-post-thumbnail","hentry","category-plant-cut-4","category-steak-fr","tag-fine-cut","tag-vegan-fr"],"acf":[],"_links":{"self":[{"href":"https:\/\/thegreenmountain.ch\/fr\/wp-json\/wp\/v2\/rezepte\/33859","targetHints":{"allow":["GET"]}}],"collection":[{"href":"https:\/\/thegreenmountain.ch\/fr\/wp-json\/wp\/v2\/rezepte"}],"about":[{"href":"https:\/\/thegreenmountain.ch\/fr\/wp-json\/wp\/v2\/types\/rezepte"}],"author":[{"embeddable":true,"href":"https:\/\/thegreenmountain.ch\/fr\/wp-json\/wp\/v2\/users\/33"}],"replies":[{"embeddable":true,"href":"https:\/\/thegreenmountain.ch\/fr\/wp-json\/wp\/v2\/comments?post=33859"}],"version-history":[{"count":3,"href":"https:\/\/thegreenmountain.ch\/fr\/wp-json\/wp\/v2\/rezepte\/33859\/revisions"}],"predecessor-version":[{"id":33908,"href":"https:\/\/thegreenmountain.ch\/fr\/wp-json\/wp\/v2\/rezepte\/33859\/revisions\/33908"}],"wp:featuredmedia":[{"embeddable":true,"href":"https:\/\/thegreenmountain.ch\/fr\/wp-json\/wp\/v2\/media\/33808"}],"wp:attachment":[{"href":"https:\/\/thegreenmountain.ch\/fr\/wp-json\/wp\/v2\/media?parent=33859"}],"wp:term":[{"taxonomy":"category","embeddable":true,"href":"https:\/\/thegreenmountain.ch\/fr\/wp-json\/wp\/v2\/categories?post=33859"},{"taxonomy":"post_tag","embeddable":true,"href":"https:\/\/thegreenmountain.ch\/fr\/wp-json\/wp\/v2\/tags?post=33859"}],"curies":[{"name":"wp","href":"https:\/\/api.w.org\/{rel}","templated":true}]}}