{"id":33723,"date":"2026-09-03T00:00:00","date_gmt":"2026-09-02T22:00:00","guid":{"rendered":"https:\/\/thegreenmountain.ch\/?post_type=rezepte&#038;p=33723"},"modified":"2026-08-27T12:18:46","modified_gmt":"2026-08-27T10:18:46","slug":"fine-cut-de-legumes-grilles","status":"publish","type":"rezepte","link":"https:\/\/thegreenmountain.ch\/fr\/recettes\/fine-cut-de-legumes-grilles\/","title":{"rendered":"Fine Cut avec de l\u00e9gumes grill\u00e9s"},"content":{"rendered":"        <section class=\"wp-block-tgm-blocks-header\">\n            <div class=\"hero-header-block\">\n                <div class=\"hero-inner\">\n                                            <picture class=\"hero-inner-image\">\n                                                            <source media=\"(max-width: 767px)\" srcset=\"https:\/\/thegreenmountain.ch\/wp-content\/uploads\/2026\/09\/mobile_Grillgemuese.jpg\">\n                                                                                        <source media=\"(min-width: 768px) and (max-width: 1023px)\" srcset=\"https:\/\/thegreenmountain.ch\/wp-content\/uploads\/2026\/09\/tablet_grillgemuese2-scaled.jpg\">\n                                                        <source media=\"(min-width: 1024px)\" srcset=\"https:\/\/thegreenmountain.ch\/wp-content\/uploads\/2026\/09\/grillgemuese-2-scaled.jpg\">\n                            <img loading=\"lazy\" decoding=\"async\" src=\"https:\/\/thegreenmountain.ch\/wp-content\/uploads\/2026\/09\/grillgemuese-2-scaled.jpg\" alt=\"Grillgemuese\" height=\"1920\" width=\"1080\">\n                        <\/picture>\n                                                        <\/div>\n                <div class=\"header-content text-white header-content-bottom\">\n                    <div class=\"bg-pattern-top bg-light text-primary\">\n                        <div class=\"header-content-inner\">\n                            <div>\n                                                                                                            <h1>The Green Mountain FINE CUT avec assortiment de l\u00e9gumes grill\u00e9s marin\u00e9s au romarin et \u00e0 la lavande<\/h1>\n                                                                                                                                <\/div>\n                        <\/div>\n                    <\/div>\n                <\/div>\n            <\/div>\n            <div class=\"loading_header\">\n                <div class=\"spinner\"><\/div>\n            <\/div>\n        <\/section>\n        \n\n\n<div class=\"wp-block-tgm-blocks-rezepte\">\n<section class=\"wp-block-gutensmith-element section--layout layout--two-col bg-body tgm-introduction-text\">\n<div class=\"wp-block-gutensmith-element container\">\n<div class=\"wp-block-gutensmith-element row d-flex justify-content-center\">\n<div class=\"wp-block-gutensmith-element col col-lg-10 text-center\">\n<h2 class=\"wp-block-heading\">Les saveurs m\u00e9diterran\u00e9ennes du grill rencontrent de d\u00e9licates notes herbac\u00e9es:<\/h2>\n\n\n\n<p class=\"wp-block-paragraph\">Aromatique, color\u00e9 et tout en l\u00e9g\u00e8ret\u00e9 estivale : le THE GREEN MOUNTAIN FINE CUT s\u2019accorde \u00e0 merveille avec un assortiment de l\u00e9gumes grill\u00e9s et une marinade raffin\u00e9e au romarin et \u00e0 la lavande. L\u2019alliance de savoureuses notes grill\u00e9es, de l\u00e9gumes frais et de d\u00e9licates notes herbac\u00e9es cr\u00e9e une exp\u00e9rience gustative unique. Une combinaison simple \u00e0 pr\u00e9parer qui invite l\u2019\u00e9t\u00e9 dans l\u2019assiette, sans viande, mais avec beaucoup de go\u00fbt.<\/p>\n<\/div>\n<\/div>\n<\/div>\n<\/section>\n\n\n        <section class=\"section--layout section--rezepte-overview\">\n            <div class=\"container\">\n                <div class=\"row\">\n                    <div class=\"col-12\">\n                        <div class=\"d-flex flex-wrap justify-content-center gap-4\">\n                            <p class=\"mb-0 h3 py-1 px-2 bg-dark text-white rezepte-overview--item rezepte-overview--portions\">4 Portions<\/p><p class=\"mb-0 h3 py-1 px-2 text-white rezepte-overview--item rezepte-overview--cooking-difficulty rezepte-overview--cooking-difficulty-leicht\">l\u00e9ger<\/p>                        <\/div>\n                    <\/div>\n                <\/div>\n            <\/div>\n        <\/section>\n        \n\n\n<div class=\"rezepte-content\"id=\"rezept-content\">\n    \n            <!-- Single recipe layout -->\n                <div class=\"wp-block-group has-global-padding is-layout-constrained wp-block-group-is-layout-constrained\">\n            <!-- Ingredients Section -->\n            <div class=\"wp-block-group two-column-50-50 rezepte-list mb-3 is-layout-flow wp-block-group-is-layout-flow\">\n                                 <!-- Image Column -->\n                 <div class=\"wp-block-group column-50 rezepte-list-col rezepte-list-img-col is-layout-flow wp-block-group-is-layout-flow\">\n                                              <figure class=\"wp-block-image aligncenter size-full rezepte-list-img\">\n                             <img width=\"1070\" height=\"2000\" src=\"https:\/\/thegreenmountain.ch\/wp-content\/uploads\/2026\/08\/TGM-Fine-Cut-Marinated.png\" class=\"wp-image-33686\" alt=\"TGM Fine Cut Marinated\" loading=\"lazy\" decoding=\"async\" srcset=\"https:\/\/thegreenmountain.ch\/wp-content\/uploads\/2026\/08\/TGM-Fine-Cut-Marinated.png 1070w, https:\/\/thegreenmountain.ch\/wp-content\/uploads\/2026\/08\/TGM-Fine-Cut-Marinated-161x300.png 161w, https:\/\/thegreenmountain.ch\/wp-content\/uploads\/2026\/08\/TGM-Fine-Cut-Marinated-548x1024.png 548w, https:\/\/thegreenmountain.ch\/wp-content\/uploads\/2026\/08\/TGM-Fine-Cut-Marinated-768x1436.png 768w, https:\/\/thegreenmountain.ch\/wp-content\/uploads\/2026\/08\/TGM-Fine-Cut-Marinated-822x1536.png 822w\" sizes=\"auto, (max-width: 1070px) 100vw, 1070px\" \/>                         <\/figure>\n                                      <\/div>\n\n                <!-- Ingredients Column -->\n                <div class=\"wp-block-group column-50 rezepte-list-col rezepte-list-zutaten-col is-layout-flow wp-block-group-is-layout-flow\">\n                                         <h2 class=\"wp-block-heading\">Ingr\u00e9dients<\/h2>\n\n                                                                                                            <div class=\"wp-block-group rezepte-item is-layout-flow wp-block-group-is-layout-flow\">\n                                     <p class=\"has-text-align-left\">4 paquets<\/p>\n                                     <p class=\"has-text-align-left\">THE GREEN MOUNTAIN FINE CUTs<\/p>\n                                 <\/div>\n                                                                                                                    <div class=\"wp-block-group rezepte-item is-layout-flow wp-block-group-is-layout-flow\">\n                                     <p class=\"has-text-align-left\"><\/p>\n                                     <p class=\"has-text-align-left\">L\u00e9gumes et champignons au choix: p. ex. mini-poivrons, aubergines, courgettes, tomates, pleurotes<\/p>\n                                 <\/div>\n                                                                                                                    <div class=\"wp-block-group rezepte-item is-layout-flow wp-block-group-is-layout-flow\">\n                                     <p class=\"has-text-align-left\">150 ml<\/p>\n                                     <p class=\"has-text-align-left\">d\u2019huile d\u2019olive<\/p>\n                                 <\/div>\n                                                                                                                    <div class=\"wp-block-group rezepte-item is-layout-flow wp-block-group-is-layout-flow\">\n                                     <p class=\"has-text-align-left\">2<\/p>\n                                     <p class=\"has-text-align-left\">brins de rosmarin<\/p>\n                                 <\/div>\n                                                                                                                    <div class=\"wp-block-group rezepte-item is-layout-flow wp-block-group-is-layout-flow\">\n                                     <p class=\"has-text-align-left\">1 cc<\/p>\n                                     <p class=\"has-text-align-left\">de fleurs de lavande bio fra\u00eeches<\/p>\n                                 <\/div>\n                                                                                                                    <div class=\"wp-block-group rezepte-item is-layout-flow wp-block-group-is-layout-flow\">\n                                     <p class=\"has-text-align-left\"><\/p>\n                                     <p class=\"has-text-align-left\">Jus d\u2019un demi-citron<\/p>\n                                 <\/div>\n                                                                                                                    <div class=\"wp-block-group rezepte-item is-layout-flow wp-block-group-is-layout-flow\">\n                                     <p class=\"has-text-align-left\">1 cs<\/p>\n                                     <p class=\"has-text-align-left\">de miel<\/p>\n                                 <\/div>\n                                                                                                                    <div class=\"wp-block-group rezepte-item is-layout-flow wp-block-group-is-layout-flow\">\n                                     <p class=\"has-text-align-left\">1 cs<\/p>\n                                     <p class=\"has-text-align-left\">de vinaigre balsamique<\/p>\n                                 <\/div>\n                                                                                                                    <div class=\"wp-block-group rezepte-item is-layout-flow wp-block-group-is-layout-flow\">\n                                     <p class=\"has-text-align-left\"><\/p>\n                                     <p class=\"has-text-align-left\">sel<\/p>\n                                 <\/div>\n                                                                                                                    <div class=\"wp-block-group rezepte-item is-layout-flow wp-block-group-is-layout-flow\">\n                                     <p class=\"has-text-align-left\">10 g<\/p>\n                                     <p class=\"has-text-align-left\">poivre fra\u00eechement moulu<\/p>\n                                 <\/div>\n                                                                                                                    <div class=\"wp-block-group rezepte-item is-layout-flow wp-block-group-is-layout-flow\">\n                                     <p class=\"has-text-align-left\"><\/p>\n                                     <p class=\"has-text-align-left\">Huile de friture<\/p>\n                                 <\/div>\n                                                                                           <\/div>\n            <\/div>\n        <\/div>\n\n                 <!-- Instructions Section -->\n                      <div class=\"wp-block-group has-global-padding is-layout-constrained wp-block-group-is-layout-constrained\">\n                 <div class=\"wp-block-group container rezepte-so-wird-gewacht mb-5 is-layout-flow wp-block-group-is-layout-flow\">\n                     <h2 class=\"wp-block-heading has-text-align-center\">C&#039;est comme \u00e7a qu&#039;il faut faire :<\/h2>\n                 <\/div>\n\n                 <div class=\"wp-block-group two-column-50-50 rezepte-so-wird-gewacht-list is-layout-flow wp-block-group-is-layout-flow\">\n                                          \n                     <!-- First Column -->\n                     <div class=\"wp-block-group column-50 rezepte-so-wird-gewacht-list-col is-layout-flow wp-block-group-is-layout-flow\">\n                                                                                       <div class=\"wp-block-group rezepte-so-wird-gewacht-item is-layout-flow wp-block-group-is-layout-flow\">\n                                     <p class=\"has-text-align-left rezepte-so-wird-gewacht-item-number\"><strong>1.<\/strong><\/p>\n                                     <p class=\"has-text-align-left rezepte-so-wird-gewacht-item-text\">Allumer le barbecue.<\/p>\n                                 <\/div>\n                                                                                                                    <div class=\"wp-block-group rezepte-so-wird-gewacht-item is-layout-flow wp-block-group-is-layout-flow\">\n                                     <p class=\"has-text-align-left rezepte-so-wird-gewacht-item-number\"><strong>2.<\/strong><\/p>\n                                     <p class=\"has-text-align-left rezepte-so-wird-gewacht-item-text\">Verser l\u2019huile d\u2019olive dans un saladier. Retirer les feuilles de romarin des brins et les hacher finement. Ajouter le romarin hach\u00e9, les fleurs de lavande, le jus de citron, le miel et le vinaigre balsamique \u00e0 l\u2019huile, puis bien m\u00e9langer le tout. Assaisonner avec du sel et un peu de poivre fra\u00eechement moulu.<\/p>\n                                 <\/div>\n                                                                                                                    <div class=\"wp-block-group rezepte-so-wird-gewacht-item is-layout-flow wp-block-group-is-layout-flow\">\n                                     <p class=\"has-text-align-left rezepte-so-wird-gewacht-item-number\"><strong>3.<\/strong><\/p>\n                                     <p class=\"has-text-align-left rezepte-so-wird-gewacht-item-text\">D\u00e9poser les FINE CUTs avec les l\u00e9gumes et les champignons sur le barbecue et les faire griller des deux c\u00f4t\u00e9s en les retournant de temps en temps, jusqu\u2019\u00e0 ce qu\u2019ils soient bien color\u00e9s. Les badigeonner r\u00e9guli\u00e8rement avec la marinade au romarin et \u00e0 la lavande.<\/p>\n                                 <\/div>\n                                                                           <\/div>\n\n                     <!-- Second Column -->\n                     <div class=\"wp-block-group column-50 rezepte-so-wird-gewacht-list-col is-layout-flow wp-block-group-is-layout-flow\">\n                                                                                       <div class=\"wp-block-group rezepte-so-wird-gewacht-item is-layout-flow wp-block-group-is-layout-flow\">\n                                     <p class=\"has-text-align-left rezepte-so-wird-gewacht-item-number\"><strong>4.<\/strong><\/p>\n                                     <p class=\"has-text-align-left\">Dresser les ingr\u00e9dients grill\u00e9s sur des assiettes. Servir avec une sauce au yaourt et aux herbes fra\u00eeches.<\/p>\n                                 <\/div>\n                                                                                                                    <div class=\"wp-block-group rezepte-so-wird-gewacht-item is-layout-flow wp-block-group-is-layout-flow\">\n                                     <p class=\"has-text-align-left rezepte-so-wird-gewacht-item-number\"><strong>5.<\/strong><\/p>\n                                     <p class=\"has-text-align-left\">CONSEIL: C&#039;est un d\u00e9lice avec une ciabatta grill\u00e9e au barbecue. Couper le pain en tranches et le badigeonner des deux c\u00f4t\u00e9s d\u2019huile \u00e0 l\u2019ail. Le d\u00e9poser sur le barbecue et le faire griller des deux c\u00f4t\u00e9s jusqu\u2019\u00e0 ce qu\u2019il soit croustillant. Saupoudrer d\u2019un peu de sel de mer.<\/p>\n                                 <\/div>\n                                                                           <\/div>\n                 <\/div>\n             <\/div>\n             \n        \n<\/div>\n\n\n\n\n\n<div class=\"wp-block-group d-none has-global-padding is-layout-constrained wp-block-group-is-layout-constrained\">\n<div class=\"wp-block-group two-column-50-50 rezepte-list is-layout-flow wp-block-group-is-layout-flow\">\n<div class=\"wp-block-group column-50 rezepte-list-col rezepte-list-img-col is-layout-flow wp-block-group-is-layout-flow\">\n<figure class=\"wp-block-image aligncenter size-full rezepte-list-img\"><img loading=\"lazy\" decoding=\"async\" width=\"1060\" height=\"1260\" src=\"https:\/\/thegreenmountain.ch\/wp-content\/uploads\/2024\/07\/productimage_beef_chunks.png\" alt=\"THE GREEN MOUNTAIN Beef Chunks\" class=\"wp-image-22073\" srcset=\"https:\/\/thegreenmountain.ch\/wp-content\/uploads\/2024\/07\/productimage_beef_chunks.png 1060w, https:\/\/thegreenmountain.ch\/wp-content\/uploads\/2024\/07\/productimage_beef_chunks-252x300.png 252w, https:\/\/thegreenmountain.ch\/wp-content\/uploads\/2024\/07\/productimage_beef_chunks-861x1024.png 861w, https:\/\/thegreenmountain.ch\/wp-content\/uploads\/2024\/07\/productimage_beef_chunks-768x913.png 768w\" sizes=\"auto, (max-width: 1060px) 100vw, 1060px\" \/><\/figure>\n<\/div>\n\n\n\n<div class=\"wp-block-group column-50 rezepte-list-col rezepte-list-zutaten-col is-layout-flow wp-block-group-is-layout-flow\">\n<h2 class=\"wp-block-heading\">Zutaten <\/h2>\n\n\n\n<div class=\"wp-block-group rezepte-item is-layout-flow wp-block-group-is-layout-flow\">\n<p class=\"has-text-align-left wp-block-paragraph\">2 Pck.<\/p>\n\n\n\n<p class=\"has-text-align-left wp-block-paragraph\">THE GREEN MOUNTAIN-Beef Chunks<\/p>\n<\/div>\n\n\n\n<div class=\"wp-block-group rezepte-item is-layout-flow wp-block-group-is-layout-flow\">\n<p class=\"has-text-align-left wp-block-paragraph\">50 g<\/p>\n\n\n\n<p class=\"has-text-align-left wp-block-paragraph\">Pflanzen\u00f6l<\/p>\n<\/div>\n\n\n\n<div class=\"wp-block-group rezepte-item is-layout-flow wp-block-group-is-layout-flow\">\n<p class=\"has-text-align-left wp-block-paragraph\">100 g<\/p>\n\n\n\n<p class=\"has-text-align-left wp-block-paragraph\">Selleriew\u00fcrfel<\/p>\n<\/div>\n\n\n\n<div class=\"wp-block-group rezepte-item is-layout-flow wp-block-group-is-layout-flow\">\n<p class=\"has-text-align-left wp-block-paragraph\">100 g<\/p>\n\n\n\n<p class=\"has-text-align-left wp-block-paragraph\">Karottenw\u00fcrfel<\/p>\n<\/div>\n\n\n\n<div class=\"wp-block-group rezepte-item is-layout-flow wp-block-group-is-layout-flow\">\n<p class=\"has-text-align-left wp-block-paragraph\">50 g<\/p>\n\n\n\n<p class=\"has-text-align-left wp-block-paragraph\">Stangensellerie<\/p>\n<\/div>\n\n\n\n<div class=\"wp-block-group rezepte-item is-layout-flow wp-block-group-is-layout-flow\">\n<p class=\"has-text-align-left wp-block-paragraph\">50 g<\/p>\n\n\n\n<p class=\"has-text-align-left wp-block-paragraph\">Champignons, geviertelt<\/p>\n<\/div>\n\n\n\n<div class=\"wp-block-group rezepte-item is-layout-flow wp-block-group-is-layout-flow\">\n<p class=\"has-text-align-left wp-block-paragraph\">150 g<\/p>\n\n\n\n<p class=\"has-text-align-left wp-block-paragraph\">Zwiebel, in Streifen<\/p>\n<\/div>\n\n\n\n<div class=\"wp-block-group rezepte-item is-layout-flow wp-block-group-is-layout-flow\">\n<p class=\"has-text-align-left wp-block-paragraph\">10 g<\/p>\n\n\n\n<p class=\"has-text-align-left wp-block-paragraph\">Knoblauch<\/p>\n<\/div>\n\n\n\n<div class=\"wp-block-group rezepte-item is-layout-flow wp-block-group-is-layout-flow\">\n<p class=\"has-text-align-left wp-block-paragraph\">40 g<\/p>\n\n\n\n<p class=\"has-text-align-left wp-block-paragraph\">Tomatenmark<\/p>\n<\/div>\n\n\n\n<div class=\"wp-block-group rezepte-item is-layout-flow wp-block-group-is-layout-flow\">\n<p class=\"has-text-align-left wp-block-paragraph\">50 ml<\/p>\n\n\n\n<p class=\"has-text-align-left wp-block-paragraph\">Portwein<\/p>\n<\/div>\n\n\n\n<div class=\"wp-block-group rezepte-item is-layout-flow wp-block-group-is-layout-flow\">\n<p class=\"has-text-align-left wp-block-paragraph\">50 ml<\/p>\n\n\n\n<p class=\"has-text-align-left wp-block-paragraph\">Rotwein<\/p>\n<\/div>\n\n\n\n<div class=\"wp-block-group rezepte-item is-layout-flow wp-block-group-is-layout-flow\">\n<p class=\"has-text-align-left wp-block-paragraph\">1 l<\/p>\n\n\n\n<p class=\"has-text-align-left wp-block-paragraph\">vegane Bratensosse <br><\/p>\n<\/div>\n<\/div>\n<\/div>\n\n\n\n<section class=\"wp-block-group section--layout has-global-padding is-layout-constrained wp-block-group-is-layout-constrained\">\n<div class=\"wp-block-group container rezepte-so-wird-gewacht mb-5 is-layout-flow wp-block-group-is-layout-flow\">\n<h2 class=\"wp-block-heading has-text-align-center\">So wird&rsquo;s gemacht:<\/h2>\n<\/div>\n\n\n\n<div class=\"wp-block-group two-column-50-50 rezepte-so-wird-gewacht-list is-layout-flow wp-block-group-is-layout-flow\">\n<div class=\"wp-block-group column-50 rezepte-so-wird-gewacht-list-col is-layout-flow wp-block-group-is-layout-flow\">\n<div class=\"wp-block-group rezepte-so-wird-gewacht-item is-layout-flow wp-block-group-is-layout-flow\">\n<p class=\"has-text-align-left rezepte-so-wird-gewacht-item-number wp-block-paragraph\"><strong>1.<\/strong><\/p>\n\n\n\n<p class=\"has-text-align-left rezepte-so-wird-gewacht-item-text wp-block-paragraph\">Die Beef Chunks in Pflanzen\u00f6l scharf anbraten.<\/p>\n<\/div>\n\n\n\n<div class=\"wp-block-group rezepte-so-wird-gewacht-item is-layout-flow wp-block-group-is-layout-flow\">\n<p class=\"has-text-align-left rezepte-so-wird-gewacht-item-number wp-block-paragraph\"><strong>2.<\/strong><\/p>\n\n\n\n<p class=\"has-text-align-left rezepte-so-wird-gewacht-item-text wp-block-paragraph\">Gem\u00fcse hinzugeben und weiterbraten bis leichte R\u00f6staromen entstehen. Tomatenmark zugeben, leicht r\u00f6sten, mit Rotwein und Portwein abl\u00f6schen.<\/p>\n<\/div>\n\n\n\n<div class=\"wp-block-group rezepte-so-wird-gewacht-item is-layout-flow wp-block-group-is-layout-flow\">\n<p class=\"has-text-align-left rezepte-so-wird-gewacht-item-number wp-block-paragraph\"><strong>3.<\/strong><\/p>\n\n\n\n<p class=\"has-text-align-left rezepte-so-wird-gewacht-item-text wp-block-paragraph\">Wenn der Wein reduziert ist, die vegane Bratensosse zugeben. Mit Senf, Miso, Salz, Pfeffer, Lorbeer und etwas Estragon w\u00fcrzen.<\/p>\n<\/div>\n<\/div>\n\n\n\n<div class=\"wp-block-group column-50 rezepte-so-wird-gewacht-list-col is-layout-flow wp-block-group-is-layout-flow\">\n<div class=\"wp-block-group rezepte-so-wird-gewacht-item is-layout-flow wp-block-group-is-layout-flow\">\n<p class=\"has-text-align-left rezepte-so-wird-gewacht-item-number wp-block-paragraph\"><strong>4.<\/strong><\/p>\n\n\n\n<p class=\"has-text-align-left wp-block-paragraph\">1 Stunde bei niedriger Temperatur leicht k\u00f6cheln lassen \u2013 wenn n\u00f6tig mit etwas St\u00e4rke binden.<\/p>\n<\/div>\n\n\n\n<div class=\"wp-block-group rezepte-so-wird-gewacht-item is-layout-flow wp-block-group-is-layout-flow\">\n<p class=\"has-text-align-left rezepte-so-wird-gewacht-item-number wp-block-paragraph\"><strong>5.<\/strong><\/p>\n\n\n\n<p class=\"has-text-align-left wp-block-paragraph\">Kartoffeln sch\u00e4len und in d\u00fcnne Scheiben schneiden. Die Scheiben in einer Sch\u00fcssel mit Oliven\u00f6l, Paprika Pulver, Salz und Pfeffer marinieren und anschliessend auf einem Backblech mit Backpapier verteilen. Die Kartoffeln bei 200 Grad f\u00fcr ca. 40 Minuten bei Ober- und Unterhitze backen.<\/p>\n<\/div>\n<\/div>\n<\/div>\n<\/section>\n\n\n\n<section class=\"wp-block-gutensmith-element section--layout layout--two-col bg-body tgm-introduction-text\">\n<div class=\"wp-block-gutensmith-element container\">\n<div class=\"wp-block-gutensmith-element row d-flex justify-content-center\">\n<div class=\"wp-block-gutensmith-element col col-lg-10 text-center\">\n<h2 class=\"wp-block-heading\">UNSER TIPP<\/h2>\n\n\n\n<p class=\"wp-block-paragraph\">Hier sind der Kreativit\u00e4t keine Grenzen gesetzt. F\u00fcr eine <br>festlichen Touch kann das Gericht mit schwarzem Tr\u00fcffel verfeinert werden.<\/p>\n\n\n\n<p class=\"wp-block-paragraph\">Wer es gerne weihnachtlich m\u00f6chte, kann Rosinen und einen <br>Hauch Zimt mit schmoren.<\/p>\n<\/div>\n<\/div>\n<\/div>\n<\/section>\n\n\n\n<div class=\"wp-block-group container rezepte-so-wird-gewacht mb-5 is-layout-flow wp-block-group-is-layout-flow\">\n<h2 class=\"wp-block-heading\">Vegane Bratensosse:<\/h2>\n<\/div>\n\n\n\n<div class=\"wp-block-group two-column-50-50 rezepte-list pt-5 is-layout-flow wp-block-group-is-layout-flow\">\n<div class=\"wp-block-group column-50 rezepte-list-col rezepte-list-img-col is-layout-flow wp-block-group-is-layout-flow\">\n<figure class=\"wp-block-image aligncenter size-full rezepte-list-img\"><img loading=\"lazy\" decoding=\"async\" width=\"1060\" height=\"1260\" src=\"https:\/\/thegreenmountain.ch\/wp-content\/uploads\/2024\/07\/productimage_beef_chunks.png\" alt=\"THE GREEN MOUNTAIN Beef Chunks\" class=\"wp-image-22073\" srcset=\"https:\/\/thegreenmountain.ch\/wp-content\/uploads\/2024\/07\/productimage_beef_chunks.png 1060w, https:\/\/thegreenmountain.ch\/wp-content\/uploads\/2024\/07\/productimage_beef_chunks-252x300.png 252w, https:\/\/thegreenmountain.ch\/wp-content\/uploads\/2024\/07\/productimage_beef_chunks-861x1024.png 861w, https:\/\/thegreenmountain.ch\/wp-content\/uploads\/2024\/07\/productimage_beef_chunks-768x913.png 768w\" sizes=\"auto, (max-width: 1060px) 100vw, 1060px\" \/><\/figure>\n<\/div>\n\n\n\n<div class=\"wp-block-group column-50 rezepte-list-col rezepte-list-zutaten-col is-layout-flow wp-block-group-is-layout-flow\">\n<h2 class=\"wp-block-heading\">Zutaten <\/h2>\n\n\n\n<div class=\"wp-block-group rezepte-item is-layout-flow wp-block-group-is-layout-flow\">\n<p class=\"has-text-align-left wp-block-paragraph\">40 ml<\/p>\n\n\n\n<p class=\"has-text-align-left wp-block-paragraph\">Pflanzen\u00f6l&nbsp;zum Anbraten<\/p>\n<\/div>\n\n\n\n<div class=\"wp-block-group rezepte-item is-layout-flow wp-block-group-is-layout-flow\">\n<p class=\"has-text-align-left wp-block-paragraph\">200 g<\/p>\n\n\n\n<p class=\"has-text-align-left wp-block-paragraph\">Karotten, gew\u00fcrfelt<\/p>\n<\/div>\n\n\n\n<div class=\"wp-block-group rezepte-item is-layout-flow wp-block-group-is-layout-flow\">\n<p class=\"has-text-align-left wp-block-paragraph\">200 g<\/p>\n\n\n\n<p class=\"has-text-align-left wp-block-paragraph\">Sellerie, gew\u00fcrfelt<\/p>\n<\/div>\n\n\n\n<div class=\"wp-block-group rezepte-item is-layout-flow wp-block-group-is-layout-flow\">\n<p class=\"has-text-align-left wp-block-paragraph\">200 g<\/p>\n\n\n\n<p class=\"has-text-align-left wp-block-paragraph\">Zwiebeln, gew\u00fcrfelt<\/p>\n<\/div>\n\n\n\n<div class=\"wp-block-group rezepte-item is-layout-flow wp-block-group-is-layout-flow\">\n<p class=\"has-text-align-left wp-block-paragraph\">200 g<\/p>\n\n\n\n<p class=\"has-text-align-left wp-block-paragraph\">Champignons<\/p>\n<\/div>\n\n\n\n<div class=\"wp-block-group rezepte-item is-layout-flow wp-block-group-is-layout-flow\">\n<p class=\"has-text-align-left wp-block-paragraph\">200 g<\/p>\n\n\n\n<p class=\"has-text-align-left wp-block-paragraph\">Lauch<\/p>\n<\/div>\n\n\n\n<div class=\"wp-block-group rezepte-item is-layout-flow wp-block-group-is-layout-flow\">\n<p class=\"has-text-align-left wp-block-paragraph\">1 Zehe<\/p>\n\n\n\n<p class=\"has-text-align-left wp-block-paragraph\">Knoblauch<\/p>\n<\/div>\n\n\n\n<div class=\"wp-block-group rezepte-item is-layout-flow wp-block-group-is-layout-flow\">\n<p class=\"has-text-align-left wp-block-paragraph\">50 g<\/p>\n\n\n\n<p class=\"has-text-align-left wp-block-paragraph\">Tomatenmark<\/p>\n<\/div>\n\n\n\n<div class=\"wp-block-group rezepte-item is-layout-flow wp-block-group-is-layout-flow\">\n<p class=\"has-text-align-left wp-block-paragraph\">100 ml<\/p>\n\n\n\n<p class=\"has-text-align-left wp-block-paragraph\">Portwein, rot<\/p>\n<\/div>\n\n\n\n<div class=\"wp-block-group rezepte-item is-layout-flow wp-block-group-is-layout-flow\">\n<p class=\"has-text-align-left wp-block-paragraph\">200 ml<\/p>\n\n\n\n<p class=\"has-text-align-left wp-block-paragraph\">Rotwein<\/p>\n<\/div>\n\n\n\n<div class=\"wp-block-group rezepte-item is-layout-flow wp-block-group-is-layout-flow\">\n<p class=\"has-text-align-left wp-block-paragraph\">50 g<\/p>\n\n\n\n<p class=\"has-text-align-left wp-block-paragraph\">dunkle Miso-Paste<\/p>\n<\/div>\n\n\n\n<div class=\"wp-block-group rezepte-item is-layout-flow wp-block-group-is-layout-flow\">\n<p class=\"has-text-align-left wp-block-paragraph\"><\/p>\n\n\n\n<p class=\"has-text-align-left wp-block-paragraph\">Salz, Pfefferk\u00f6rner, brauner Zucker, Wacholder, Piment, Thymian, Rosmarin<\/p>\n<\/div>\n<\/div>\n<\/div>\n\n\n\n<section class=\"wp-block-group section--layout has-global-padding is-layout-constrained wp-block-group-is-layout-constrained\">\n<div class=\"wp-block-group container rezepte-so-wird-gewacht mb-5 is-layout-flow wp-block-group-is-layout-flow\">\n<h2 class=\"wp-block-heading has-text-align-center\">So wird&rsquo;s gemacht:<\/h2>\n<\/div>\n\n\n\n<div class=\"wp-block-group two-column-50-50 rezepte-so-wird-gewacht-list is-layout-flow wp-block-group-is-layout-flow\">\n<div class=\"wp-block-group column-50 rezepte-so-wird-gewacht-list-col is-layout-flow wp-block-group-is-layout-flow\">\n<div class=\"wp-block-group rezepte-so-wird-gewacht-item is-layout-flow wp-block-group-is-layout-flow\">\n<p class=\"has-text-align-left rezepte-so-wird-gewacht-item-number wp-block-paragraph\"><strong>1.<\/strong><\/p>\n\n\n\n<p class=\"has-text-align-left rezepte-so-wird-gewacht-item-text wp-block-paragraph\">Karotten und Sellerie bei hoher Hitze in Pflanzen\u00f6l braun anr\u00f6sten,<br>restliches Gem\u00fcse hinzugeben und mit anr\u00f6sten.<\/p>\n<\/div>\n\n\n\n<div class=\"wp-block-group rezepte-so-wird-gewacht-item is-layout-flow wp-block-group-is-layout-flow\">\n<p class=\"has-text-align-left rezepte-so-wird-gewacht-item-number wp-block-paragraph\"><strong>2.<\/strong><\/p>\n\n\n\n<p class=\"has-text-align-left rezepte-so-wird-gewacht-item-text wp-block-paragraph\">Wenn das Gem\u00fcse gleichm\u00e4ssig gebr\u00e4unt ist, kommt das Tomatenmark hinzu.<\/p>\n<\/div>\n\n\n\n<div class=\"wp-block-group rezepte-so-wird-gewacht-item is-layout-flow wp-block-group-is-layout-flow\">\n<p class=\"has-text-align-left rezepte-so-wird-gewacht-item-number wp-block-paragraph\"><strong>3.<\/strong><\/p>\n\n\n\n<p class=\"has-text-align-left rezepte-so-wird-gewacht-item-text wp-block-paragraph\">Sobald sich am Topfboden eine dunkle Kruste bildet, mit etwas Rotwein und Portwein abl\u00f6schen, damit sich die Kruste l\u00f6st.<\/p>\n<\/div>\n<\/div>\n\n\n\n<div class=\"wp-block-group column-50 rezepte-so-wird-gewacht-list-col is-layout-flow wp-block-group-is-layout-flow\">\n<div class=\"wp-block-group rezepte-so-wird-gewacht-item is-layout-flow wp-block-group-is-layout-flow\">\n<p class=\"has-text-align-left rezepte-so-wird-gewacht-item-number wp-block-paragraph\"><strong>4.<\/strong><\/p>\n\n\n\n<p class=\"has-text-align-left wp-block-paragraph\">Den Wein einkochen lassen und den Vorgang wiederholen bis eine sch\u00f6ne dunkle Basis entsteht.<\/p>\n<\/div>\n\n\n\n<div class=\"wp-block-group rezepte-so-wird-gewacht-item is-layout-flow wp-block-group-is-layout-flow\">\n<p class=\"has-text-align-left rezepte-so-wird-gewacht-item-number wp-block-paragraph\"><strong>5.<\/strong><\/p>\n\n\n\n<p class=\"has-text-align-left wp-block-paragraph\">Mit Gem\u00fcsefond, Sojasosse aufgiessen und die dunkle <br>Miso Paste dazugeben und <br>Gew\u00fcrze zugeben.<\/p>\n<\/div>\n\n\n\n<div class=\"wp-block-group rezepte-so-wird-gewacht-item is-layout-flow wp-block-group-is-layout-flow\">\n<p class=\"has-text-align-left rezepte-so-wird-gewacht-item-number wp-block-paragraph\"><strong>6.<\/strong><\/p>\n\n\n\n<p class=\"has-text-align-left wp-block-paragraph\">2 Stunden leise k\u00f6cheln lassen, passieren und auf die gew\u00fcnschte Intensit\u00e4t reduzieren.<\/p>\n<\/div>\n<\/div>\n<\/div>\n<\/section>\n<\/div>\n<\/div>\n\n\n\n<section class=\"wp-block-gutensmith-element section--layout layout--one-col bg-body\">\n<div class=\"wp-block-gutensmith-element container\">\n<div class=\"wp-block-gutensmith-element row justify-content-center\">\n<div class=\"wp-block-gutensmith-element col-12 col-md-8 text-center\">\n<h2 class=\"wp-block-heading has-text-align-center has-primary-color has-text-color has-link-color wp-elements-1\">Plus de recettes<\/h2>\n\n\n\n<p class=\"has-black-color has-text-color has-link-color wp-elements-2 wp-block-paragraph\">Vous n&rsquo;avez jamais entendu parler de FINE CUTs ? Alors vous n&rsquo;avez peut-\u00eatre jamais entendu parler de ceci non plus:<\/p>\n<\/div>\n<\/div>\n\n\n\n<div class=\"wp-block-gutensmith-element row\">\n<div class=\"wp-block-gutensmith-element col-12  text-center\"><div class=\"post-type-slider swiper-rezepte slider-type-rezepte has-light-background\">\n                <div id=\"slider-344ea240-73d4-4d22-b979-20ebc6d41ad1\" class=\"swiper swiper-container py-5\">\n                    <div class=\"swiper-wrapper d-md-flex flex-nowrap swiper-mobile-only\"><div class=\"swiper-slide flex-md-fill swiper-slide-rezepte\">\n              <div class=\"text-start p-2\">\n                  <a href=\"https:\/\/thegreenmountain.ch\/fr\/recettes\/plant-cut-salade-de-lentilles\/\"><div class=\"item-thumbnail\"><img loading=\"lazy\" decoding=\"async\" width=\"1920\" height=\"988\" src=\"https:\/\/thegreenmountain.ch\/wp-content\/uploads\/2026\/02\/linsen-spinat_dekstop.jpg\" class=\"attachment-post-thumbnail size-post-thumbnail wp-post-image\" alt=\"Plant Cut mit Linsensalat und Randen\" srcset=\"https:\/\/thegreenmountain.ch\/wp-content\/uploads\/2026\/02\/linsen-spinat_dekstop.jpg 1920w, https:\/\/thegreenmountain.ch\/wp-content\/uploads\/2026\/02\/linsen-spinat_dekstop-300x154.jpg 300w, https:\/\/thegreenmountain.ch\/wp-content\/uploads\/2026\/02\/linsen-spinat_dekstop-1024x527.jpg 1024w, https:\/\/thegreenmountain.ch\/wp-content\/uploads\/2026\/02\/linsen-spinat_dekstop-768x395.jpg 768w, https:\/\/thegreenmountain.ch\/wp-content\/uploads\/2026\/02\/linsen-spinat_dekstop-1536x790.jpg 1536w\" sizes=\"auto, (max-width: 1920px) 100vw, 1920px\" \/><\/div><div class=\"m-2\"><div class=\"rezepte-meta mb-1 d-flex align-items-center gap-2\"><p class=\"rezepte-cookingdifficulty rezepte-cookingdifficulty-mittel mb-0\">moyen<\/p><\/div><h3>PLANT CUT avec salade de lentilles et d\u2019\u00e9pinards et betteraves grill\u00e9es<\/h3><\/div><\/a>\n              <\/div>\n              <\/div><div class=\"swiper-slide flex-md-fill swiper-slide-rezepte\">\n              <div class=\"text-start p-2\">\n                  <a href=\"https:\/\/thegreenmountain.ch\/fr\/recettes\/plant-cut-panzanella-davocat\/\"><div class=\"item-thumbnail\"><img loading=\"lazy\" decoding=\"async\" width=\"1920\" height=\"988\" src=\"https:\/\/thegreenmountain.ch\/wp-content\/uploads\/2026\/02\/panzanella_dekstop.jpg\" class=\"attachment-post-thumbnail size-post-thumbnail wp-post-image\" alt=\"Plant Cut mit Avocado-Grapefruit-Panzanella\" srcset=\"https:\/\/thegreenmountain.ch\/wp-content\/uploads\/2026\/02\/panzanella_dekstop.jpg 1920w, https:\/\/thegreenmountain.ch\/wp-content\/uploads\/2026\/02\/panzanella_dekstop-300x154.jpg 300w, https:\/\/thegreenmountain.ch\/wp-content\/uploads\/2026\/02\/panzanella_dekstop-1024x527.jpg 1024w, https:\/\/thegreenmountain.ch\/wp-content\/uploads\/2026\/02\/panzanella_dekstop-768x395.jpg 768w, https:\/\/thegreenmountain.ch\/wp-content\/uploads\/2026\/02\/panzanella_dekstop-1536x790.jpg 1536w\" sizes=\"auto, (max-width: 1920px) 100vw, 1920px\" \/><\/div><div class=\"m-2\"><div class=\"rezepte-meta mb-1 d-flex align-items-center gap-2\"><p class=\"rezepte-cookingdifficulty rezepte-cookingdifficulty-mittel mb-0\">moyen<\/p><\/div><h3>Plant Cut avec panzanella d\u2019avocat et de pamplemousse<\/h3><\/div><\/a>\n              <\/div>\n              <\/div><div class=\"swiper-slide flex-md-fill swiper-slide-rezepte\">\n              <div class=\"text-start p-2\">\n                  <a href=\"https:\/\/thegreenmountain.ch\/fr\/recettes\/plant-cut-puree-de-chou-fleur-et-de-pommes-de-terre\/\"><div class=\"item-thumbnail\"><img loading=\"lazy\" decoding=\"async\" width=\"1920\" height=\"988\" src=\"https:\/\/thegreenmountain.ch\/wp-content\/uploads\/2026\/02\/blumenkohl_dekstop.jpg\" class=\"attachment-post-thumbnail size-post-thumbnail wp-post-image\" alt=\"Plant Cut mit Blumenkohl-Kartoffel-Stock\" srcset=\"https:\/\/thegreenmountain.ch\/wp-content\/uploads\/2026\/02\/blumenkohl_dekstop.jpg 1920w, https:\/\/thegreenmountain.ch\/wp-content\/uploads\/2026\/02\/blumenkohl_dekstop-300x154.jpg 300w, https:\/\/thegreenmountain.ch\/wp-content\/uploads\/2026\/02\/blumenkohl_dekstop-1024x527.jpg 1024w, https:\/\/thegreenmountain.ch\/wp-content\/uploads\/2026\/02\/blumenkohl_dekstop-768x395.jpg 768w, https:\/\/thegreenmountain.ch\/wp-content\/uploads\/2026\/02\/blumenkohl_dekstop-1536x790.jpg 1536w\" sizes=\"auto, (max-width: 1920px) 100vw, 1920px\" \/><\/div><div class=\"m-2\"><div class=\"rezepte-meta mb-1 d-flex align-items-center gap-2\"><p class=\"rezepte-cookingdifficulty rezepte-cookingdifficulty-mittel mb-0\">moyen<\/p><\/div><h3>PLANT CUT avec pur\u00e9e de chou-fleur et de pommes de terre<\/h3><\/div><\/a>\n              <\/div>\n              <\/div><\/div><div class=\"swiper-pagination\"><\/div><\/div><\/div>\n\n\n<a class=\"btn btn-primary\" href=\"https:\/\/thegreenmountain.ch\/rezepte\/\">D\u00e9couvrez toutes les recettes<\/a>\n<\/div>\n<\/div>\n<\/div>\n<\/section>\n\n\n\n<section class=\"wp-block-gutensmith-element section--layout produkte-slider-section text-light wooden-background bg-dark\">\n<div class=\"wp-block-gutensmith-element\">\n<h2 class=\"wp-block-heading has-text-align-center text-white mb-0\">nos multiples<\/h2>\n<\/div>\n\n\n\n<div class=\"wp-block-gutensmith-element\"><\/div>\n\n\n\n<div class=\"wp-block-gutensmith-element text-center mt-3\">\n<a class=\"btn btn-secondary btn-lg text-success\" href=\"https:\/\/thegreenmountain.ch\/fr\/disponible-chez\/\">O\u00f9 peut-on trouver une telle chose ?<\/a>\n<\/div>\n<\/section>\n","protected":false},"excerpt":{"rendered":"","protected":false},"author":33,"featured_media":33763,"comment_status":"closed","ping_status":"closed","template":"","categories":[160,79],"tags":[186,140],"class_list":["post-33723","rezepte","type-rezepte","status-publish","has-post-thumbnail","hentry","category-plant-cut-4","category-steak-fr","tag-fine-cut","tag-vegan-fr"],"acf":[],"_links":{"self":[{"href":"https:\/\/thegreenmountain.ch\/fr\/wp-json\/wp\/v2\/rezepte\/33723","targetHints":{"allow":["GET"]}}],"collection":[{"href":"https:\/\/thegreenmountain.ch\/fr\/wp-json\/wp\/v2\/rezepte"}],"about":[{"href":"https:\/\/thegreenmountain.ch\/fr\/wp-json\/wp\/v2\/types\/rezepte"}],"author":[{"embeddable":true,"href":"https:\/\/thegreenmountain.ch\/fr\/wp-json\/wp\/v2\/users\/33"}],"replies":[{"embeddable":true,"href":"https:\/\/thegreenmountain.ch\/fr\/wp-json\/wp\/v2\/comments?post=33723"}],"version-history":[{"count":3,"href":"https:\/\/thegreenmountain.ch\/fr\/wp-json\/wp\/v2\/rezepte\/33723\/revisions"}],"predecessor-version":[{"id":33841,"href":"https:\/\/thegreenmountain.ch\/fr\/wp-json\/wp\/v2\/rezepte\/33723\/revisions\/33841"}],"wp:featuredmedia":[{"embeddable":true,"href":"https:\/\/thegreenmountain.ch\/fr\/wp-json\/wp\/v2\/media\/33763"}],"wp:attachment":[{"href":"https:\/\/thegreenmountain.ch\/fr\/wp-json\/wp\/v2\/media?parent=33723"}],"wp:term":[{"taxonomy":"category","embeddable":true,"href":"https:\/\/thegreenmountain.ch\/fr\/wp-json\/wp\/v2\/categories?post=33723"},{"taxonomy":"post_tag","embeddable":true,"href":"https:\/\/thegreenmountain.ch\/fr\/wp-json\/wp\/v2\/tags?post=33723"}],"curies":[{"name":"wp","href":"https:\/\/api.w.org\/{rel}","templated":true}]}}