{"id":28380,"date":"2025-11-02T10:12:04","date_gmt":"2025-11-02T09:12:04","guid":{"rendered":"https:\/\/thegreenmountain.ch\/?post_type=rezepte&#038;p=28380"},"modified":"2025-11-02T10:12:16","modified_gmt":"2025-11-02T09:12:16","slug":"fest-medaillon-au-poivre-avec-puree","status":"publish","type":"rezepte","link":"https:\/\/thegreenmountain.ch\/fr\/recettes\/fest-medaillon-au-poivre-avec-puree\/","title":{"rendered":"M\u00e9daillon au Poivre avec pur\u00e9e"},"content":{"rendered":"        <section class=\"wp-block-tgm-blocks-header wp-block-tgm-blocks-header\">\n            <div class=\"hero-header-block\">\n                <div class=\"hero-inner\">\n                                            <picture class=\"hero-inner-image\">\n                                                            <source media=\"(max-width: 767px)\" srcset=\"https:\/\/thegreenmountain.ch\/wp-content\/uploads\/2024\/08\/Smartphone-Website-2.png\">\n                                                                                        <source media=\"(min-width: 768px) and (max-width: 1023px)\" srcset=\"https:\/\/thegreenmountain.ch\/wp-content\/uploads\/2025\/10\/Pfeffer_Medaillon_Pueree_Tablet.png\">\n                                                        <source media=\"(min-width: 1024px)\" srcset=\"https:\/\/thegreenmountain.ch\/wp-content\/uploads\/2024\/08\/Desktop-Website-1.png\">\n                            <img loading=\"lazy\" decoding=\"async\" src=\"https:\/\/thegreenmountain.ch\/wp-content\/uploads\/2024\/08\/Desktop-Website-1.png\" alt=\"Pfeffer-Medaillon mit Selleriep\u00fcree, Thymian-Karotten und Gl\u00fchweinso\u00dfe\" height=\"1920\" width=\"1080\">\n                        <\/picture>\n                                                        <\/div>\n                <div class=\"header-content text-white header-content-bottom\">\n                    <div class=\"bg-pattern-top bg-light text-primary\">\n                        <div class=\"header-content-inner\">\n                            <div>\n                                                                                                            <h1>m\u00e9daillon au poivre, carottes et sauce au vin chaud<\/h1>\n                                                                                                                                <\/div>\n                        <\/div>\n                    <\/div>\n                <\/div>\n            <\/div>\n            <div class=\"loading_header\">\n                <div class=\"spinner\"><\/div>\n            <\/div>\n        <\/section>\n        \n\n\n<div class=\"wp-block-tgm-blocks-rezepte\">\n<section class=\"wp-block-gutensmith-element section--layout layout--two-col bg-body tgm-introduction-text\">\n<div class=\"wp-block-gutensmith-element container\">\n<div class=\"wp-block-gutensmith-element row d-flex justify-content-center\">\n<div class=\"wp-block-gutensmith-element col col-lg-10 text-center\">\n<h2 class=\"wp-block-heading\">Unsere Plant-Based m\u00e9daillon au poivre<\/h2>\n\n\n\n<p>Une sp\u00e9cialit\u00e9 pour tous les gourmets v\u00e9g\u00e9tariens : des m\u00e9daillons crus et finement poivr\u00e9s \u00e0 faire cuire \u00e0 la po\u00eale ou au barbecue pour leur donner un go\u00fbt fum\u00e9 suppl\u00e9mentaire. Tendres, aromatiques, \u00e9pic\u00e9s et riches en prot\u00e9ines, ils sont parfaits pour votre menu de f\u00eate.<\/p>\n<\/div>\n<\/div>\n<\/div>\n<\/section>\n\n\n        <section class=\"section--layout section--rezepte-overview\">\n            <div class=\"container\">\n                <div class=\"row\">\n                    <div class=\"col-12\">\n                        <div class=\"d-flex flex-wrap justify-content-center gap-4\">\n                            <p class=\"mb-0 h3 py-1 px-2 bg-dark text-white rezepte-overview--item rezepte-overview--portions\">2 Portions<\/p><p class=\"mb-0 h3 py-1 px-2 text-white rezepte-overview--item rezepte-overview--cooking-difficulty rezepte-overview--cooking-difficulty-leicht\">l\u00e9ger<\/p>                        <\/div>\n                    <\/div>\n                <\/div>\n            <\/div>\n        <\/section>\n        \n\n\n<div class=\"rezepte-content\"id=\"rezept-content\">\n    \n            <!-- Single recipe layout -->\n                <div class=\"wp-block-group has-global-padding is-layout-constrained wp-block-group-is-layout-constrained\">\n            <!-- Ingredients Section -->\n            <div class=\"wp-block-group two-column-50-50 rezepte-list mb-3 is-layout-flow wp-block-group-is-layout-flow\">\n                                 <!-- Image Column -->\n                 <div class=\"wp-block-group column-50 rezepte-list-col rezepte-list-img-col is-layout-flow wp-block-group-is-layout-flow\">\n                                              <figure class=\"wp-block-image aligncenter size-full rezepte-list-img\">\n                             <img width=\"1060\" height=\"1260\" src=\"https:\/\/thegreenmountain.ch\/wp-content\/uploads\/2025\/10\/produkte_festtage_pfeffer.jpg\" class=\"wp-image-28490\" alt=\"THE GREEN MOUNTAIN Plant-based Pffefer-Medaillons\" loading=\"lazy\" decoding=\"async\" srcset=\"https:\/\/thegreenmountain.ch\/wp-content\/uploads\/2025\/10\/produkte_festtage_pfeffer.jpg 1060w, https:\/\/thegreenmountain.ch\/wp-content\/uploads\/2025\/10\/produkte_festtage_pfeffer-252x300.jpg 252w, https:\/\/thegreenmountain.ch\/wp-content\/uploads\/2025\/10\/produkte_festtage_pfeffer-861x1024.jpg 861w, https:\/\/thegreenmountain.ch\/wp-content\/uploads\/2025\/10\/produkte_festtage_pfeffer-768x913.jpg 768w\" sizes=\"auto, (max-width: 1060px) 100vw, 1060px\" \/>                         <\/figure>\n                                      <\/div>\n\n                <!-- Ingredients Column -->\n                <div class=\"wp-block-group column-50 rezepte-list-col rezepte-list-zutaten-col is-layout-flow wp-block-group-is-layout-flow\">\n                                         <h2 class=\"wp-block-heading\">Ingr\u00e9dients<\/h2>\n\n                                                                                                            <div class=\"wp-block-group rezepte-item is-layout-flow wp-block-group-is-layout-flow\">\n                                     <p class=\"has-text-align-left\">1 paquet<\/p>\n                                     <p class=\"has-text-align-left\">THE GREEN MOUNTAIN Plant-based M\u00e9daillon au Poivre <\/p>\n                                 <\/div>\n                                                                                                                    <div class=\"wp-block-group rezepte-item is-layout-flow wp-block-group-is-layout-flow\">\n                                     <p class=\"has-text-align-left\">6<\/p>\n                                     <p class=\"has-text-align-left\">carottes avec les fanes<\/p>\n                                 <\/div>\n                                                                                                                    <div class=\"wp-block-group rezepte-item is-layout-flow wp-block-group-is-layout-flow\">\n                                     <p class=\"has-text-align-left\">4<\/p>\n                                     <p class=\"has-text-align-left\">branches de thym<\/p>\n                                 <\/div>\n                                                                                                                    <div class=\"wp-block-group rezepte-item is-layout-flow wp-block-group-is-layout-flow\">\n                                     <p class=\"has-text-align-left\">300 g<\/p>\n                                     <p class=\"has-text-align-left\">de c\u00e9leri-rave<\/p>\n                                 <\/div>\n                                                                                                                    <div class=\"wp-block-group rezepte-item is-layout-flow wp-block-group-is-layout-flow\">\n                                     <p class=\"has-text-align-left\">100 g<\/p>\n                                     <p class=\"has-text-align-left\">de pommes de terre \u00e0 chair farineuse<\/p>\n                                 <\/div>\n                                                                                                                    <div class=\"wp-block-group rezepte-item is-layout-flow wp-block-group-is-layout-flow\">\n                                     <p class=\"has-text-align-left\">150 ml<\/p>\n                                     <p class=\"has-text-align-left\">de substitut v\u00e9g\u00e9tal de lait non sucr\u00e9<\/p>\n                                 <\/div>\n                                                                                                                    <div class=\"wp-block-group rezepte-item is-layout-flow wp-block-group-is-layout-flow\">\n                                     <p class=\"has-text-align-left\">1 cs<\/p>\n                                     <p class=\"has-text-align-left\">de beurre v\u00e9g\u00e9tal<\/p>\n                                 <\/div>\n                                                                                                                    <div class=\"wp-block-group rezepte-item is-layout-flow wp-block-group-is-layout-flow\">\n                                     <p class=\"has-text-align-left\">1<\/p>\n                                     <p class=\"has-text-align-left\">gousse d\u2019ail<\/p>\n                                 <\/div>\n                                                                                                                    <div class=\"wp-block-group rezepte-item is-layout-flow wp-block-group-is-layout-flow\">\n                                     <p class=\"has-text-align-left\">1<\/p>\n                                     <p class=\"has-text-align-left\">oignon<\/p>\n                                 <\/div>\n                                                                                                                    <div class=\"wp-block-group rezepte-item is-layout-flow wp-block-group-is-layout-flow\">\n                                     <p class=\"has-text-align-left\">100 ml<\/p>\n                                     <p class=\"has-text-align-left\">de vin chaud<\/p>\n                                 <\/div>\n                                                                                                                    <div class=\"wp-block-group rezepte-item is-layout-flow wp-block-group-is-layout-flow\">\n                                     <p class=\"has-text-align-left\">200 ml <\/p>\n                                     <p class=\"has-text-align-left\">de bouillon de l\u00e9gumes<\/p>\n                                 <\/div>\n                                                                                                                    <div class=\"wp-block-group rezepte-item is-layout-flow wp-block-group-is-layout-flow\">\n                                     <p class=\"has-text-align-left\">3 cs<\/p>\n                                     <p class=\"has-text-align-left\">de sauce soja<\/p>\n                                 <\/div>\n                                                                                                                    <div class=\"wp-block-group rezepte-item is-layout-flow wp-block-group-is-layout-flow\">\n                                     <p class=\"has-text-align-left\">1\/2 cs<\/p>\n                                     <p class=\"has-text-align-left\">Backkakao<\/p>\n                                 <\/div>\n                                                                                                                    <div class=\"wp-block-group rezepte-item is-layout-flow wp-block-group-is-layout-flow\">\n                                     <p class=\"has-text-align-left\"><\/p>\n                                     <p class=\"has-text-align-left\">gros sel de mer<\/p>\n                                 <\/div>\n                                                                                                                    <div class=\"wp-block-group rezepte-item is-layout-flow wp-block-group-is-layout-flow\">\n                                     <p class=\"has-text-align-left\"><\/p>\n                                     <p class=\"has-text-align-left\">un peu de sel et de poivre<\/p>\n                                 <\/div>\n                                                                                                                    <div class=\"wp-block-group rezepte-item is-layout-flow wp-block-group-is-layout-flow\">\n                                     <p class=\"has-text-align-left\"><\/p>\n                                     <p class=\"has-text-align-left\">huile v\u00e9g\u00e9tale (pour la cuisson)<\/p>\n                                 <\/div>\n                                                                                           <\/div>\n            <\/div>\n        <\/div>\n\n                 <!-- Instructions Section -->\n                      <div class=\"wp-block-group has-global-padding is-layout-constrained wp-block-group-is-layout-constrained\">\n                 <div class=\"wp-block-group container rezepte-so-wird-gewacht mb-5 is-layout-flow wp-block-group-is-layout-flow\">\n                     <h2 class=\"wp-block-heading has-text-align-center\">C&#039;est comme \u00e7a qu&#039;il faut faire :<\/h2>\n                 <\/div>\n\n                 <div class=\"wp-block-group two-column-50-50 rezepte-so-wird-gewacht-list is-layout-flow wp-block-group-is-layout-flow\">\n                                          \n                     <!-- First Column -->\n                     <div class=\"wp-block-group column-50 rezepte-so-wird-gewacht-list-col is-layout-flow wp-block-group-is-layout-flow\">\n                                                                                       <div class=\"wp-block-group rezepte-so-wird-gewacht-item is-layout-flow wp-block-group-is-layout-flow\">\n                                     <p class=\"has-text-align-left rezepte-so-wird-gewacht-item-number\"><strong>1.<\/strong><\/p>\n                                     <p class=\"has-text-align-left rezepte-so-wird-gewacht-item-text\">Pr\u00e9chauffer le four \u00e0 180 \u00b0C. Laver les carottes, enlever la majeure partie de la partie verte et les s\u00e9cher en tapotant avec du papier m\u00e9nage. Couper les carottes en b\u00e2tonnets dans le sens de la longueur. Hacher finement les feuilles de thym. Disposer les carottes sur une plaque de cuisson recouverte de papier sulfuris\u00e9, arroser d\u2019huile et assaisonner de thym et de gros sel de mer. Mettre au four et faire cuire pendant env. 30-40 min, jusqu\u2019\u00e0 ce que les l\u00e9gumes soient cuits et commencent \u00e0 peine \u00e0 brunir. Pendant ce temps, continuer la recette.<\/p>\n                                 <\/div>\n                                                                                                                    <div class=\"wp-block-group rezepte-so-wird-gewacht-item is-layout-flow wp-block-group-is-layout-flow\">\n                                     <p class=\"has-text-align-left rezepte-so-wird-gewacht-item-number\"><strong>2.<\/strong><\/p>\n                                     <p class=\"has-text-align-left rezepte-so-wird-gewacht-item-text\">\u00c9plucher les pommes de terre et le c\u00e9leri-rave et les couper en cubes de taille \u00e0 peu pr\u00e8s \u00e9gale. Verser dans une casserole avec le substitut de lait v\u00e9g\u00e9tal, porter \u00e0 \u00e9bullition et laisser mijoter \u00e0 couvert \u00e0 feu moyen pendant env. 20 min. Pendant ce temps, passer \u00e0 l\u2019\u00e9tape suivante. Apr\u00e8s le temps de cuisson, incorporer le substitut de beurre v\u00e9g\u00e9tal. Retirer du feu et r\u00e9duire en une pur\u00e9e fine et cr\u00e9meuse \u00e0 l\u2019aide d\u2019un presse-pur\u00e9e ou d\u2019un mixeur plongeant. Rectifier l\u2019assaisonnement avec du sel et du poivre.<\/p>\n                                 <\/div>\n                                                                           <\/div>\n\n                     <!-- Second Column -->\n                     <div class=\"wp-block-group column-50 rezepte-so-wird-gewacht-list-col is-layout-flow wp-block-group-is-layout-flow\">\n                                                                                       <div class=\"wp-block-group rezepte-so-wird-gewacht-item is-layout-flow wp-block-group-is-layout-flow\">\n                                     <p class=\"has-text-align-left rezepte-so-wird-gewacht-item-number\"><strong>3.<\/strong><\/p>\n                                     <p class=\"has-text-align-left\">\u00c9plucher et hacher finement l\u2019ail et l&#039;oignon Faire chauffer un peu d\u2019huile dans une casserole. Ajouter l\u2019ail et les oignons et faire revenir pendant env. 2-3 min. Ajouter le concentr\u00e9 de tomates et faire revenir bri\u00e8vement. D\u00e9glacer avec le vin chaud, laisser l\u2019alcool s\u2019\u00e9vaporer, puis ajouter le bouillon de l\u00e9gumes, la sauce soja et le cacao en poudre. Rectifier l\u2019assaisonnement avec du sel et du poivre. Dans un petit saladier, d\u00e9layer la f\u00e9cule avec un peu d\u2019eau et l\u2019ajouter pour \u00e9paissir la sauce. Bien m\u00e9langer et porter \u00e0 \u00e9bullition jusqu\u2019\u00e0 ce que la sauce ait suffisamment \u00e9paissi.<\/p>\n                                 <\/div>\n                                                                                                                    <div class=\"wp-block-group rezepte-so-wird-gewacht-item is-layout-flow wp-block-group-is-layout-flow\">\n                                     <p class=\"has-text-align-left rezepte-so-wird-gewacht-item-number\"><strong>4.<\/strong><\/p>\n                                     <p class=\"has-text-align-left\">Faire chauffer un peu d\u2019huile v\u00e9g\u00e9tale dans une po\u00eale. Faire cuire les THE GREEN MOUNTAIN Plant-based M\u00e9daillons au Poivre \u00e0 feu moyen pendant environ 7-11 min de chaque c\u00f4t\u00e9, en les retournant plusieurs fois. Servir les m\u00e9daillons avec la pur\u00e9e de c\u00e9leri, les carottes et la sauce au vin chaud.<\/p>\n                                 <\/div>\n                                                                           <\/div>\n                 <\/div>\n             <\/div>\n             \n        \n<\/div>\n\n\n\n\n\n<div class=\"wp-block-group d-none has-global-padding is-layout-constrained wp-block-group-is-layout-constrained\">\n<div class=\"wp-block-group two-column-50-50 rezepte-list is-layout-flow wp-block-group-is-layout-flow\">\n<div class=\"wp-block-group column-50 rezepte-list-col rezepte-list-img-col is-layout-flow wp-block-group-is-layout-flow\">\n<figure class=\"wp-block-image aligncenter size-full rezepte-list-img\"><img loading=\"lazy\" decoding=\"async\" width=\"1060\" height=\"1260\" src=\"https:\/\/thegreenmountain.ch\/wp-content\/uploads\/2024\/07\/productimage_beef_chunks.png\" alt=\"THE GREEN MOUNTAIN Beef Chunks\" class=\"wp-image-22073\" srcset=\"https:\/\/thegreenmountain.ch\/wp-content\/uploads\/2024\/07\/productimage_beef_chunks.png 1060w, https:\/\/thegreenmountain.ch\/wp-content\/uploads\/2024\/07\/productimage_beef_chunks-252x300.png 252w, https:\/\/thegreenmountain.ch\/wp-content\/uploads\/2024\/07\/productimage_beef_chunks-861x1024.png 861w, https:\/\/thegreenmountain.ch\/wp-content\/uploads\/2024\/07\/productimage_beef_chunks-768x913.png 768w\" sizes=\"auto, (max-width: 1060px) 100vw, 1060px\" \/><\/figure>\n<\/div>\n\n\n\n<div class=\"wp-block-group column-50 rezepte-list-col rezepte-list-zutaten-col is-layout-flow wp-block-group-is-layout-flow\">\n<h2 class=\"wp-block-heading\">Zutaten <\/h2>\n\n\n\n<div class=\"wp-block-group rezepte-item is-layout-flow wp-block-group-is-layout-flow\">\n<p class=\"has-text-align-left\">2 Pck.<\/p>\n\n\n\n<p class=\"has-text-align-left\">THE GREEN MOUNTAIN-Beef Chunks<\/p>\n<\/div>\n\n\n\n<div class=\"wp-block-group rezepte-item is-layout-flow wp-block-group-is-layout-flow\">\n<p class=\"has-text-align-left\">50 g<\/p>\n\n\n\n<p class=\"has-text-align-left\">Pflanzen\u00f6l<\/p>\n<\/div>\n\n\n\n<div class=\"wp-block-group rezepte-item is-layout-flow wp-block-group-is-layout-flow\">\n<p class=\"has-text-align-left\">100 g<\/p>\n\n\n\n<p class=\"has-text-align-left\">Selleriew\u00fcrfel<\/p>\n<\/div>\n\n\n\n<div class=\"wp-block-group rezepte-item is-layout-flow wp-block-group-is-layout-flow\">\n<p class=\"has-text-align-left\">100 g<\/p>\n\n\n\n<p class=\"has-text-align-left\">Karottenw\u00fcrfel<\/p>\n<\/div>\n\n\n\n<div class=\"wp-block-group rezepte-item is-layout-flow wp-block-group-is-layout-flow\">\n<p class=\"has-text-align-left\">50 g<\/p>\n\n\n\n<p class=\"has-text-align-left\">Stangensellerie<\/p>\n<\/div>\n\n\n\n<div class=\"wp-block-group rezepte-item is-layout-flow wp-block-group-is-layout-flow\">\n<p class=\"has-text-align-left\">50 g<\/p>\n\n\n\n<p class=\"has-text-align-left\">Champignons, geviertelt<\/p>\n<\/div>\n\n\n\n<div class=\"wp-block-group rezepte-item is-layout-flow wp-block-group-is-layout-flow\">\n<p class=\"has-text-align-left\">150 g<\/p>\n\n\n\n<p class=\"has-text-align-left\">Zwiebel, in Streifen<\/p>\n<\/div>\n\n\n\n<div class=\"wp-block-group rezepte-item is-layout-flow wp-block-group-is-layout-flow\">\n<p class=\"has-text-align-left\">10 g<\/p>\n\n\n\n<p class=\"has-text-align-left\">Knoblauch<\/p>\n<\/div>\n\n\n\n<div class=\"wp-block-group rezepte-item is-layout-flow wp-block-group-is-layout-flow\">\n<p class=\"has-text-align-left\">40 g<\/p>\n\n\n\n<p class=\"has-text-align-left\">Tomatenmark<\/p>\n<\/div>\n\n\n\n<div class=\"wp-block-group rezepte-item is-layout-flow wp-block-group-is-layout-flow\">\n<p class=\"has-text-align-left\">50 ml<\/p>\n\n\n\n<p class=\"has-text-align-left\">Portwein<\/p>\n<\/div>\n\n\n\n<div class=\"wp-block-group rezepte-item is-layout-flow wp-block-group-is-layout-flow\">\n<p class=\"has-text-align-left\">50 ml<\/p>\n\n\n\n<p class=\"has-text-align-left\">Rotwein<\/p>\n<\/div>\n\n\n\n<div class=\"wp-block-group rezepte-item is-layout-flow wp-block-group-is-layout-flow\">\n<p class=\"has-text-align-left\">1 l<\/p>\n\n\n\n<p class=\"has-text-align-left\">vegane Bratensosse <br><\/p>\n<\/div>\n<\/div>\n<\/div>\n\n\n\n<section class=\"wp-block-group section--layout has-global-padding is-layout-constrained wp-block-group-is-layout-constrained\">\n<div class=\"wp-block-group container rezepte-so-wird-gewacht mb-5 is-layout-flow wp-block-group-is-layout-flow\">\n<h2 class=\"wp-block-heading has-text-align-center\">So wird&rsquo;s gemacht:<\/h2>\n<\/div>\n\n\n\n<div class=\"wp-block-group two-column-50-50 rezepte-so-wird-gewacht-list is-layout-flow wp-block-group-is-layout-flow\">\n<div class=\"wp-block-group column-50 rezepte-so-wird-gewacht-list-col is-layout-flow wp-block-group-is-layout-flow\">\n<div class=\"wp-block-group rezepte-so-wird-gewacht-item is-layout-flow wp-block-group-is-layout-flow\">\n<p class=\"has-text-align-left rezepte-so-wird-gewacht-item-number\"><strong>1.<\/strong><\/p>\n\n\n\n<p class=\"has-text-align-left rezepte-so-wird-gewacht-item-text\">Die Beef Chunks in Pflanzen\u00f6l scharf anbraten.<\/p>\n<\/div>\n\n\n\n<div class=\"wp-block-group rezepte-so-wird-gewacht-item is-layout-flow wp-block-group-is-layout-flow\">\n<p class=\"has-text-align-left rezepte-so-wird-gewacht-item-number\"><strong>2.<\/strong><\/p>\n\n\n\n<p class=\"has-text-align-left rezepte-so-wird-gewacht-item-text\">Gem\u00fcse hinzugeben und weiterbraten bis leichte R\u00f6staromen entstehen. Tomatenmark zugeben, leicht r\u00f6sten, mit Rotwein und Portwein abl\u00f6schen.<\/p>\n<\/div>\n\n\n\n<div class=\"wp-block-group rezepte-so-wird-gewacht-item is-layout-flow wp-block-group-is-layout-flow\">\n<p class=\"has-text-align-left rezepte-so-wird-gewacht-item-number\"><strong>3.<\/strong><\/p>\n\n\n\n<p class=\"has-text-align-left rezepte-so-wird-gewacht-item-text\">Wenn der Wein reduziert ist, die vegane Bratensosse zugeben. Mit Senf, Miso, Salz, Pfeffer, Lorbeer und etwas Estragon w\u00fcrzen.<\/p>\n<\/div>\n<\/div>\n\n\n\n<div class=\"wp-block-group column-50 rezepte-so-wird-gewacht-list-col is-layout-flow wp-block-group-is-layout-flow\">\n<div class=\"wp-block-group rezepte-so-wird-gewacht-item is-layout-flow wp-block-group-is-layout-flow\">\n<p class=\"has-text-align-left rezepte-so-wird-gewacht-item-number\"><strong>4.<\/strong><\/p>\n\n\n\n<p class=\"has-text-align-left\">1 Stunde bei niedriger Temperatur leicht k\u00f6cheln lassen \u2013 wenn n\u00f6tig mit etwas St\u00e4rke binden.<\/p>\n<\/div>\n\n\n\n<div class=\"wp-block-group rezepte-so-wird-gewacht-item is-layout-flow wp-block-group-is-layout-flow\">\n<p class=\"has-text-align-left rezepte-so-wird-gewacht-item-number\"><strong>5.<\/strong><\/p>\n\n\n\n<p class=\"has-text-align-left\">Kartoffeln sch\u00e4len und in d\u00fcnne Scheiben schneiden. Die Scheiben in einer Sch\u00fcssel mit Oliven\u00f6l, Paprika Pulver, Salz und Pfeffer marinieren und anschliessend auf einem Backblech mit Backpapier verteilen. Die Kartoffeln bei 200 Grad f\u00fcr ca. 40 Minuten bei Ober- und Unterhitze backen.<\/p>\n<\/div>\n<\/div>\n<\/div>\n<\/section>\n\n\n\n<section class=\"wp-block-gutensmith-element section--layout layout--two-col bg-body tgm-introduction-text\">\n<div class=\"wp-block-gutensmith-element container\">\n<div class=\"wp-block-gutensmith-element row d-flex justify-content-center\">\n<div class=\"wp-block-gutensmith-element col col-lg-10 text-center\">\n<h2 class=\"wp-block-heading\">UNSER TIPP<\/h2>\n\n\n\n<p>Hier sind der Kreativit\u00e4t keine Grenzen gesetzt. F\u00fcr eine <br>festlichen Touch kann das Gericht mit schwarzem Tr\u00fcffel verfeinert werden.<\/p>\n\n\n\n<p>Wer es gerne weihnachtlich m\u00f6chte, kann Rosinen und einen <br>Hauch Zimt mit schmoren.<\/p>\n<\/div>\n<\/div>\n<\/div>\n<\/section>\n\n\n\n<div class=\"wp-block-group container rezepte-so-wird-gewacht mb-5 is-layout-flow wp-block-group-is-layout-flow\">\n<h2 class=\"wp-block-heading\">Vegane Bratensosse:<\/h2>\n<\/div>\n\n\n\n<div class=\"wp-block-group two-column-50-50 rezepte-list pt-5 is-layout-flow wp-block-group-is-layout-flow\">\n<div class=\"wp-block-group column-50 rezepte-list-col rezepte-list-img-col is-layout-flow wp-block-group-is-layout-flow\">\n<figure class=\"wp-block-image aligncenter size-full rezepte-list-img\"><img loading=\"lazy\" decoding=\"async\" width=\"1060\" height=\"1260\" src=\"https:\/\/thegreenmountain.ch\/wp-content\/uploads\/2024\/07\/productimage_beef_chunks.png\" alt=\"THE GREEN MOUNTAIN Beef Chunks\" class=\"wp-image-22073\" srcset=\"https:\/\/thegreenmountain.ch\/wp-content\/uploads\/2024\/07\/productimage_beef_chunks.png 1060w, https:\/\/thegreenmountain.ch\/wp-content\/uploads\/2024\/07\/productimage_beef_chunks-252x300.png 252w, https:\/\/thegreenmountain.ch\/wp-content\/uploads\/2024\/07\/productimage_beef_chunks-861x1024.png 861w, https:\/\/thegreenmountain.ch\/wp-content\/uploads\/2024\/07\/productimage_beef_chunks-768x913.png 768w\" sizes=\"auto, (max-width: 1060px) 100vw, 1060px\" \/><\/figure>\n<\/div>\n\n\n\n<div class=\"wp-block-group column-50 rezepte-list-col rezepte-list-zutaten-col is-layout-flow wp-block-group-is-layout-flow\">\n<h2 class=\"wp-block-heading\">Zutaten <\/h2>\n\n\n\n<div class=\"wp-block-group rezepte-item is-layout-flow wp-block-group-is-layout-flow\">\n<p class=\"has-text-align-left\">40 ml<\/p>\n\n\n\n<p class=\"has-text-align-left\">Pflanzen\u00f6l&nbsp;zum Anbraten<\/p>\n<\/div>\n\n\n\n<div class=\"wp-block-group rezepte-item is-layout-flow wp-block-group-is-layout-flow\">\n<p class=\"has-text-align-left\">200 g<\/p>\n\n\n\n<p class=\"has-text-align-left\">Karotten, gew\u00fcrfelt<\/p>\n<\/div>\n\n\n\n<div class=\"wp-block-group rezepte-item is-layout-flow wp-block-group-is-layout-flow\">\n<p class=\"has-text-align-left\">200 g<\/p>\n\n\n\n<p class=\"has-text-align-left\">Sellerie, gew\u00fcrfelt<\/p>\n<\/div>\n\n\n\n<div class=\"wp-block-group rezepte-item is-layout-flow wp-block-group-is-layout-flow\">\n<p class=\"has-text-align-left\">200 g<\/p>\n\n\n\n<p class=\"has-text-align-left\">Zwiebeln, gew\u00fcrfelt<\/p>\n<\/div>\n\n\n\n<div class=\"wp-block-group rezepte-item is-layout-flow wp-block-group-is-layout-flow\">\n<p class=\"has-text-align-left\">200 g<\/p>\n\n\n\n<p class=\"has-text-align-left\">Champignons<\/p>\n<\/div>\n\n\n\n<div class=\"wp-block-group rezepte-item is-layout-flow wp-block-group-is-layout-flow\">\n<p class=\"has-text-align-left\">200 g<\/p>\n\n\n\n<p class=\"has-text-align-left\">Lauch<\/p>\n<\/div>\n\n\n\n<div class=\"wp-block-group rezepte-item is-layout-flow wp-block-group-is-layout-flow\">\n<p class=\"has-text-align-left\">1 Zehe<\/p>\n\n\n\n<p class=\"has-text-align-left\">Knoblauch<\/p>\n<\/div>\n\n\n\n<div class=\"wp-block-group rezepte-item is-layout-flow wp-block-group-is-layout-flow\">\n<p class=\"has-text-align-left\">50 g<\/p>\n\n\n\n<p class=\"has-text-align-left\">Tomatenmark<\/p>\n<\/div>\n\n\n\n<div class=\"wp-block-group rezepte-item is-layout-flow wp-block-group-is-layout-flow\">\n<p class=\"has-text-align-left\">100 ml<\/p>\n\n\n\n<p class=\"has-text-align-left\">Portwein, rot<\/p>\n<\/div>\n\n\n\n<div class=\"wp-block-group rezepte-item is-layout-flow wp-block-group-is-layout-flow\">\n<p class=\"has-text-align-left\">200 ml<\/p>\n\n\n\n<p class=\"has-text-align-left\">Rotwein<\/p>\n<\/div>\n\n\n\n<div class=\"wp-block-group rezepte-item is-layout-flow wp-block-group-is-layout-flow\">\n<p class=\"has-text-align-left\">50 g<\/p>\n\n\n\n<p class=\"has-text-align-left\">dunkle Miso-Paste<\/p>\n<\/div>\n\n\n\n<div class=\"wp-block-group rezepte-item is-layout-flow wp-block-group-is-layout-flow\">\n<p class=\"has-text-align-left\"><\/p>\n\n\n\n<p class=\"has-text-align-left\">Salz, Pfefferk\u00f6rner, brauner Zucker, Wacholder, Piment, Thymian, Rosmarin<\/p>\n<\/div>\n<\/div>\n<\/div>\n\n\n\n<section class=\"wp-block-group section--layout has-global-padding is-layout-constrained wp-block-group-is-layout-constrained\">\n<div class=\"wp-block-group container rezepte-so-wird-gewacht mb-5 is-layout-flow wp-block-group-is-layout-flow\">\n<h2 class=\"wp-block-heading has-text-align-center\">So wird&rsquo;s gemacht:<\/h2>\n<\/div>\n\n\n\n<div class=\"wp-block-group two-column-50-50 rezepte-so-wird-gewacht-list is-layout-flow wp-block-group-is-layout-flow\">\n<div class=\"wp-block-group column-50 rezepte-so-wird-gewacht-list-col is-layout-flow wp-block-group-is-layout-flow\">\n<div class=\"wp-block-group rezepte-so-wird-gewacht-item is-layout-flow wp-block-group-is-layout-flow\">\n<p class=\"has-text-align-left rezepte-so-wird-gewacht-item-number\"><strong>1.<\/strong><\/p>\n\n\n\n<p class=\"has-text-align-left rezepte-so-wird-gewacht-item-text\">Karotten und Sellerie bei hoher Hitze in Pflanzen\u00f6l braun anr\u00f6sten,<br>restliches Gem\u00fcse hinzugeben und mit anr\u00f6sten.<\/p>\n<\/div>\n\n\n\n<div class=\"wp-block-group rezepte-so-wird-gewacht-item is-layout-flow wp-block-group-is-layout-flow\">\n<p class=\"has-text-align-left rezepte-so-wird-gewacht-item-number\"><strong>2.<\/strong><\/p>\n\n\n\n<p class=\"has-text-align-left rezepte-so-wird-gewacht-item-text\">Wenn das Gem\u00fcse gleichm\u00e4ssig gebr\u00e4unt ist, kommt das Tomatenmark hinzu.<\/p>\n<\/div>\n\n\n\n<div class=\"wp-block-group rezepte-so-wird-gewacht-item is-layout-flow wp-block-group-is-layout-flow\">\n<p class=\"has-text-align-left rezepte-so-wird-gewacht-item-number\"><strong>3.<\/strong><\/p>\n\n\n\n<p class=\"has-text-align-left rezepte-so-wird-gewacht-item-text\">Sobald sich am Topfboden eine dunkle Kruste bildet, mit etwas Rotwein und Portwein abl\u00f6schen, damit sich die Kruste l\u00f6st.<\/p>\n<\/div>\n<\/div>\n\n\n\n<div class=\"wp-block-group column-50 rezepte-so-wird-gewacht-list-col is-layout-flow wp-block-group-is-layout-flow\">\n<div class=\"wp-block-group rezepte-so-wird-gewacht-item is-layout-flow wp-block-group-is-layout-flow\">\n<p class=\"has-text-align-left rezepte-so-wird-gewacht-item-number\"><strong>4.<\/strong><\/p>\n\n\n\n<p class=\"has-text-align-left\">Den Wein einkochen lassen und den Vorgang wiederholen bis eine sch\u00f6ne dunkle Basis entsteht.<\/p>\n<\/div>\n\n\n\n<div class=\"wp-block-group rezepte-so-wird-gewacht-item is-layout-flow wp-block-group-is-layout-flow\">\n<p class=\"has-text-align-left rezepte-so-wird-gewacht-item-number\"><strong>5.<\/strong><\/p>\n\n\n\n<p class=\"has-text-align-left\">Mit Gem\u00fcsefond, Sojasosse aufgiessen und die dunkle <br>Miso Paste dazugeben und <br>Gew\u00fcrze zugeben.<\/p>\n<\/div>\n\n\n\n<div class=\"wp-block-group rezepte-so-wird-gewacht-item is-layout-flow wp-block-group-is-layout-flow\">\n<p class=\"has-text-align-left rezepte-so-wird-gewacht-item-number\"><strong>6.<\/strong><\/p>\n\n\n\n<p class=\"has-text-align-left\">2 Stunden leise k\u00f6cheln lassen, passieren und auf die gew\u00fcnschte Intensit\u00e4t reduzieren.<\/p>\n<\/div>\n<\/div>\n<\/div>\n<\/section>\n<\/div>\n<\/div>\n\n\n\n<section class=\"wp-block-gutensmith-element section--layout layout--one-col bg-body\">\n<div class=\"wp-block-gutensmith-element container\">\n<div class=\"wp-block-gutensmith-element row justify-content-center\">\n<div class=\"wp-block-gutensmith-element col-12 col-md-8 text-center\">\n<h2 class=\"wp-block-heading has-text-align-center has-primary-color has-text-color has-link-color wp-elements-359f8e96b564e0c695e230da5b4cd099\">Autres suggestions de recettes<\/h2>\n\n\n\n<p class=\"has-black-color has-text-color has-link-color wp-elements-bdb61320ebc39b0c8711ce64549df59e\">Vous ne savez pas quoi pr\u00e9parer avec nos produits ? Vous trouverez ici de d\u00e9licieuses id\u00e9es de recettes:<\/p>\n<\/div>\n<\/div>\n\n\n\n<div class=\"wp-block-gutensmith-element row\">\n<div class=\"wp-block-gutensmith-element col-12  text-center\"><div class=\"post-type-slider swiper-rezepte slider-type-rezepte has-light-background\">\n                <div id=\"slider-344ea240-73d4-4d22-b979-20ebc6d41ad1\" class=\"swiper swiper-container py-5\">\n                    <div class=\"swiper-wrapper d-md-flex flex-nowrap swiper-mobile-only\"><div class=\"swiper-slide flex-md-fill swiper-slide-rezepte\">\n              <div class=\"text-start p-2\">\n                  <a href=\"https:\/\/thegreenmountain.ch\/fr\/recettes\/boeuf-bourguignon\/\"><div class=\"item-thumbnail\"><img loading=\"lazy\" decoding=\"async\" width=\"344\" height=\"364\" src=\"https:\/\/thegreenmountain.ch\/wp-content\/uploads\/2024\/08\/bourguignon_cover.png\" class=\"attachment-post-thumbnail size-post-thumbnail wp-post-image\" alt=\"Boeuf Bourguignon\u3164\u3164\u3164\" srcset=\"https:\/\/thegreenmountain.ch\/wp-content\/uploads\/2024\/08\/bourguignon_cover.png 344w, https:\/\/thegreenmountain.ch\/wp-content\/uploads\/2024\/08\/bourguignon_cover-284x300.png 284w\" sizes=\"auto, (max-width: 344px) 100vw, 344px\" \/><\/div><div class=\"m-2\"><div class=\"rezepte-meta mb-1 d-flex align-items-center gap-2\"><p class=\"rezepte-cookingtime mb-0\">60 Min.<\/p><p class=\"rezepte-cookingdifficulty rezepte-cookingdifficulty-mittel mb-0\">moyen<\/p><\/div><h3>B\u0153uf bourguignon<\/h3><\/div><\/a>\n              <\/div>\n              <\/div><div class=\"swiper-slide flex-md-fill swiper-slide-rezepte\">\n              <div class=\"text-start p-2\">\n                  <a href=\"https:\/\/thegreenmountain.ch\/fr\/recettes\/louisiana-loaded-fries-avec-plant-based-paprika-chunks\/\"><div class=\"item-thumbnail\"><img loading=\"lazy\" decoding=\"async\" width=\"364\" height=\"344\" src=\"https:\/\/thegreenmountain.ch\/wp-content\/uploads\/2024\/08\/Louisiana-Loaded-Fries-mit-plant-based-Paprika-Chunks-3.png\" class=\"attachment-post-thumbnail size-post-thumbnail wp-post-image\" alt=\"Plant-based Louisiana Fries mit Paprika Chunks\" srcset=\"https:\/\/thegreenmountain.ch\/wp-content\/uploads\/2024\/08\/Louisiana-Loaded-Fries-mit-plant-based-Paprika-Chunks-3.png 364w, https:\/\/thegreenmountain.ch\/wp-content\/uploads\/2024\/08\/Louisiana-Loaded-Fries-mit-plant-based-Paprika-Chunks-3-300x284.png 300w\" sizes=\"auto, (max-width: 364px) 100vw, 364px\" \/><\/div><div class=\"m-2\"><div class=\"rezepte-meta mb-1 d-flex align-items-center gap-2\"><p class=\"rezepte-cookingtime mb-0\">45 Min.<\/p><p class=\"rezepte-cookingdifficulty rezepte-cookingdifficulty-leicht mb-0\">l\u00e9ger<\/p><\/div><h3>Louisiana loaded fries avec Plant-Based Paprika Chunks<\/h3><\/div><\/a>\n              <\/div>\n              <\/div><div class=\"swiper-slide flex-md-fill swiper-slide-rezepte\">\n              <div class=\"text-start p-2\">\n                  <a href=\"https:\/\/thegreenmountain.ch\/fr\/recettes\/salade-tiede-de-poulet-et-de-pois-chiches\/\"><div class=\"item-thumbnail\"><img loading=\"lazy\" decoding=\"async\" width=\"364\" height=\"344\" src=\"https:\/\/thegreenmountain.ch\/wp-content\/uploads\/2025\/04\/Untitled-design-73.png\" class=\"attachment-post-thumbnail size-post-thumbnail wp-post-image\" alt=\"Lauwarmer Chicken-Kichererbsen Salat, Lukewarm chicken and chickpea salad, Salade ti\u00e8de de poulet et de pois chiches\" srcset=\"https:\/\/thegreenmountain.ch\/wp-content\/uploads\/2025\/04\/Untitled-design-73.png 364w, https:\/\/thegreenmountain.ch\/wp-content\/uploads\/2025\/04\/Untitled-design-73-300x284.png 300w\" sizes=\"auto, (max-width: 364px) 100vw, 364px\" \/><\/div><div class=\"m-2\"><div class=\"rezepte-meta mb-1 d-flex align-items-center gap-2\"><p class=\"rezepte-cookingtime mb-0\">30 Min.<\/p><p class=\"rezepte-cookingdifficulty rezepte-cookingdifficulty-mittel mb-0\">moyen<\/p><\/div><h3>Salade ti\u00e8de de poulet et de pois chiches<\/h3><\/div><\/a>\n              <\/div>\n              <\/div><\/div><div class=\"swiper-pagination\"><\/div><\/div><\/div>\n\n\n<a class=\"btn btn-primary\" href=\"https:\/\/thegreenmountain.ch\/rezepte\/\">D\u00e9couvrez toutes les recettes<\/a>\n<\/div>\n<\/div>\n<\/div>\n<\/section>\n\n\n\n<section class=\"wp-block-gutensmith-element section--layout produkte-slider-section text-light wooden-background bg-dark\">\n<div class=\"wp-block-gutensmith-element\"><\/div>\n<\/section>\n\n\n\n<section class=\"wp-block-gutensmith-element section--layout produkte-slider-section text-light wooden-background bg-dark\">\n<div class=\"wp-block-gutensmith-element\">\n<h2 class=\"wp-block-heading has-text-align-center text-white mb-0\">Nos multiples<\/h2>\n<\/div>\n\n\n\n<div class=\"wp-block-gutensmith-element\"><\/div>\n\n\n\n<div class=\"wp-block-gutensmith-element text-center mt-3\">\n<div class=\"wp-block-cb-carousel-v2 cb-carousel-block festtagslider\" data-cb-slides-per-view=\"1\" data-cb-slides-per-group=\"1\" data-cb-space-between=\"15\" data-cb-speed=\"300\" data-cb-navigation=\"true\" data-cb-pagination=\"true\" data-cb-breakpoints=\"{&quot;768&quot;:{&quot;slidesPerView&quot;:5,&quot;slidesPerGroup&quot;:2}}\"><div class=\"swiper\"><div class=\"cb-wrapper swiper-wrapper\">\n<div class=\"wp-block-cb-slide-v2 cb-slide swiper-slide\">\n<figure class=\"wp-block-image size-full is-resized\"><a href=\"https:\/\/thegreenmountain.ch\/fr\/produits\/wings\/\"><img loading=\"lazy\" decoding=\"async\" width=\"400\" height=\"877\" src=\"https:\/\/thegreenmountain.ch\/wp-content\/uploads\/2025\/10\/956491_Wings_TGM_CH.png\" alt=\"956491_Wings_TGM_CH\" class=\"wp-image-28206\" style=\"width:auto;height:350px\" srcset=\"https:\/\/thegreenmountain.ch\/wp-content\/uploads\/2025\/10\/956491_Wings_TGM_CH.png 400w, https:\/\/thegreenmountain.ch\/wp-content\/uploads\/2025\/10\/956491_Wings_TGM_CH-137x300.png 137w\" sizes=\"auto, (max-width: 400px) 100vw, 400px\" \/><\/a><\/figure>\n<\/div>\n\n\n\n<div class=\"wp-block-cb-slide-v2 cb-slide swiper-slide\">\n<figure class=\"wp-block-image size-full is-resized\"><a href=\"https:\/\/thegreenmountain.ch\/fr\/produits\/burger\/\"><img loading=\"lazy\" decoding=\"async\" width=\"400\" height=\"667\" src=\"https:\/\/thegreenmountain.ch\/wp-content\/uploads\/2025\/10\/954189_Burger_TGM_CH.png\" alt=\"954189_Burger_TGM_CH\" class=\"wp-image-28203\" style=\"width:auto;height:350px\" srcset=\"https:\/\/thegreenmountain.ch\/wp-content\/uploads\/2025\/10\/954189_Burger_TGM_CH.png 400w, https:\/\/thegreenmountain.ch\/wp-content\/uploads\/2025\/10\/954189_Burger_TGM_CH-180x300.png 180w\" sizes=\"auto, (max-width: 400px) 100vw, 400px\" \/><\/a><\/figure>\n<\/div>\n\n\n\n<div class=\"wp-block-cb-slide-v2 cb-slide swiper-slide\">\n<figure class=\"wp-block-image size-full is-resized\"><a href=\"https:\/\/thegreenmountain.ch\/fr\/produits\/cordon-bleu\/\"><img loading=\"lazy\" decoding=\"async\" width=\"400\" height=\"667\" src=\"https:\/\/thegreenmountain.ch\/wp-content\/uploads\/2025\/10\/953101_Cordon_Bleu_TGM_CH.png\" alt=\"953101_Cordon_Bleu_TGM_CH\" class=\"wp-image-28200\" style=\"width:auto;height:350px\" srcset=\"https:\/\/thegreenmountain.ch\/wp-content\/uploads\/2025\/10\/953101_Cordon_Bleu_TGM_CH.png 400w, https:\/\/thegreenmountain.ch\/wp-content\/uploads\/2025\/10\/953101_Cordon_Bleu_TGM_CH-180x300.png 180w\" sizes=\"auto, (max-width: 400px) 100vw, 400px\" \/><\/a><\/figure>\n<\/div>\n\n\n\n<div class=\"wp-block-cb-slide-v2 cb-slide swiper-slide\">\n<figure class=\"wp-block-image size-full is-resized\"><a href=\"https:\/\/thegreenmountain.ch\/fr\/produits\/steak-type-porc\/\"><img loading=\"lazy\" decoding=\"async\" width=\"400\" height=\"667\" src=\"https:\/\/thegreenmountain.ch\/wp-content\/uploads\/2025\/10\/943949_Paprika_Steak_TGM_CH.png\" alt=\"943949_Paprika_Steak_TGM_CH\" class=\"wp-image-28197\" style=\"width:auto;height:350px\" srcset=\"https:\/\/thegreenmountain.ch\/wp-content\/uploads\/2025\/10\/943949_Paprika_Steak_TGM_CH.png 400w, https:\/\/thegreenmountain.ch\/wp-content\/uploads\/2025\/10\/943949_Paprika_Steak_TGM_CH-180x300.png 180w\" sizes=\"auto, (max-width: 400px) 100vw, 400px\" \/><\/a><\/figure>\n<\/div>\n\n\n\n<div class=\"wp-block-cb-slide-v2 cb-slide swiper-slide\">\n<figure class=\"wp-block-image size-full is-resized\"><a href=\"https:\/\/thegreenmountain.ch\/fr\/produits\/medaillon-de-poivre\/\"><img loading=\"lazy\" decoding=\"async\" width=\"400\" height=\"904\" src=\"https:\/\/thegreenmountain.ch\/wp-content\/uploads\/2025\/10\/938761_Pfeffer_Medaillon_TGM_CH.png\" alt=\"938761_Pfeffer_Medaillon_TGM_CH\" class=\"wp-image-28194\" style=\"width:auto;height:350px\" srcset=\"https:\/\/thegreenmountain.ch\/wp-content\/uploads\/2025\/10\/938761_Pfeffer_Medaillon_TGM_CH.png 400w, https:\/\/thegreenmountain.ch\/wp-content\/uploads\/2025\/10\/938761_Pfeffer_Medaillon_TGM_CH-133x300.png 133w\" sizes=\"auto, (max-width: 400px) 100vw, 400px\" \/><\/a><\/figure>\n<\/div>\n\n\n\n<div class=\"wp-block-cb-slide-v2 cb-slide swiper-slide\">\n<figure class=\"wp-block-image size-full is-resized\"><a href=\"https:\/\/thegreenmountain.ch\/fr\/produits\/filet\/\"><img loading=\"lazy\" decoding=\"async\" width=\"400\" height=\"667\" src=\"https:\/\/thegreenmountain.ch\/wp-content\/uploads\/2025\/10\/932721_Filet_Marinated_TGM_CH.png\" alt=\"932721_Filet_Marinated_TGM_CH\" class=\"wp-image-28191\" style=\"width:auto;height:350px\" srcset=\"https:\/\/thegreenmountain.ch\/wp-content\/uploads\/2025\/10\/932721_Filet_Marinated_TGM_CH.png 400w, https:\/\/thegreenmountain.ch\/wp-content\/uploads\/2025\/10\/932721_Filet_Marinated_TGM_CH-180x300.png 180w\" sizes=\"auto, (max-width: 400px) 100vw, 400px\" \/><\/a><\/figure>\n<\/div>\n\n\n\n<div class=\"wp-block-cb-slide-v2 cb-slide swiper-slide\">\n<figure class=\"wp-block-image size-full is-resized\"><a href=\"https:\/\/thegreenmountain.ch\/fr\/produits\/steak\/steak\/\"><img loading=\"lazy\" decoding=\"async\" width=\"400\" height=\"904\" src=\"https:\/\/thegreenmountain.ch\/wp-content\/uploads\/2025\/10\/929346_Steak_TGM_CH.png\" alt=\"929346_Steak_TGM_CH\" class=\"wp-image-28188\" style=\"width:auto;height:350px\" srcset=\"https:\/\/thegreenmountain.ch\/wp-content\/uploads\/2025\/10\/929346_Steak_TGM_CH.png 400w, https:\/\/thegreenmountain.ch\/wp-content\/uploads\/2025\/10\/929346_Steak_TGM_CH-133x300.png 133w\" sizes=\"auto, (max-width: 400px) 100vw, 400px\" \/><\/a><\/figure>\n<\/div>\n<\/div><\/div><div class=\"cb-pagination swiper-pagination\"><\/div><div class=\"cb-button-prev swiper-button-prev\"><\/div><div class=\"cb-button-next swiper-button-next\"><\/div><\/div>\n\n\n\n<a class=\"btn btn-secondary btn-lg text-success\" href=\"\/produkte\/\">Voir les produits<\/a>\n<\/div>\n<\/section>\n","protected":false},"excerpt":{"rendered":"","protected":false},"author":9,"featured_media":28691,"comment_status":"closed","ping_status":"closed","template":"","categories":[113,79],"tags":[],"class_list":["post-28380","rezepte","type-rezepte","status-publish","has-post-thumbnail","hentry","category-fetes-de-fin-dannee","category-steak-fr"],"acf":[],"_links":{"self":[{"href":"https:\/\/thegreenmountain.ch\/fr\/wp-json\/wp\/v2\/rezepte\/28380","targetHints":{"allow":["GET"]}}],"collection":[{"href":"https:\/\/thegreenmountain.ch\/fr\/wp-json\/wp\/v2\/rezepte"}],"about":[{"href":"https:\/\/thegreenmountain.ch\/fr\/wp-json\/wp\/v2\/types\/rezepte"}],"author":[{"embeddable":true,"href":"https:\/\/thegreenmountain.ch\/fr\/wp-json\/wp\/v2\/users\/9"}],"replies":[{"embeddable":true,"href":"https:\/\/thegreenmountain.ch\/fr\/wp-json\/wp\/v2\/comments?post=28380"}],"version-history":[{"count":6,"href":"https:\/\/thegreenmountain.ch\/fr\/wp-json\/wp\/v2\/rezepte\/28380\/revisions"}],"predecessor-version":[{"id":28911,"href":"https:\/\/thegreenmountain.ch\/fr\/wp-json\/wp\/v2\/rezepte\/28380\/revisions\/28911"}],"wp:featuredmedia":[{"embeddable":true,"href":"https:\/\/thegreenmountain.ch\/fr\/wp-json\/wp\/v2\/media\/28691"}],"wp:attachment":[{"href":"https:\/\/thegreenmountain.ch\/fr\/wp-json\/wp\/v2\/media?parent=28380"}],"wp:term":[{"taxonomy":"category","embeddable":true,"href":"https:\/\/thegreenmountain.ch\/fr\/wp-json\/wp\/v2\/categories?post=28380"},{"taxonomy":"post_tag","embeddable":true,"href":"https:\/\/thegreenmountain.ch\/fr\/wp-json\/wp\/v2\/tags?post=28380"}],"curies":[{"name":"wp","href":"https:\/\/api.w.org\/{rel}","templated":true}]}}